{"id":7665,"date":"2024-04-05T12:39:59","date_gmt":"2024-04-05T10:39:59","guid":{"rendered":"https:\/\/2024.hggs.de\/ochrona-danych\/"},"modified":"2025-03-18T13:19:33","modified_gmt":"2025-03-18T12:19:33","slug":"ochrona-danych","status":"publish","type":"page","link":"https:\/\/hggs.de\/pl\/ochrona-danych\/","title":{"rendered":"Ochrona danych"},"content":{"rendered":"\t\t<div data-elementor-type=\"wp-page\" data-elementor-id=\"7665\" class=\"elementor elementor-7665 elementor-2592\" data-elementor-post-type=\"page\">\n\t\t\t\t<div data-particle_enable=\"false\" data-particle-mobile-disabled=\"false\" class=\"elementor-element elementor-element-1430a1e e-flex e-con-boxed e-con e-parent\" data-id=\"1430a1e\" data-element_type=\"container\" data-e-type=\"container\">\n\t\t\t\t\t<div class=\"e-con-inner\">\n\t\t\t\t<div class=\"elementor-element elementor-element-52ae05d elementor-widget elementor-widget-heading\" data-id=\"52ae05d\" data-element_type=\"widget\" data-e-type=\"widget\" data-widget_type=\"heading.default\">\n\t\t\t\t<div class=\"elementor-widget-container\">\n\t\t\t\t\t<h1 class=\"elementor-heading-title elementor-size-default\">Polityka prywatno\u015bci<\/h1>\t\t\t\t<\/div>\n\t\t\t\t<\/div>\n\t\t\t\t\t<\/div>\n\t\t\t\t<\/div>\n\t\t<div data-particle_enable=\"false\" data-particle-mobile-disabled=\"false\" class=\"elementor-element elementor-element-24e9598 e-flex e-con-boxed e-con e-parent\" data-id=\"24e9598\" data-element_type=\"container\" data-e-type=\"container\">\n\t\t\t\t\t<div class=\"e-con-inner\">\n\t\t\t\t<div class=\"elementor-element elementor-element-52a29a7 elementor-widget elementor-widget-n-accordion\" data-id=\"52a29a7\" data-element_type=\"widget\" data-e-type=\"widget\" data-settings=\"{&quot;max_items_expended&quot;:&quot;multiple&quot;,&quot;default_state&quot;:&quot;all_collapsed&quot;,&quot;n_accordion_animation_duration&quot;:{&quot;unit&quot;:&quot;ms&quot;,&quot;size&quot;:400,&quot;sizes&quot;:[]}}\" data-widget_type=\"nested-accordion.default\">\n\t\t\t\t<div class=\"elementor-widget-container\">\n\t\t\t\t\t\t\t<div class=\"e-n-accordion\" aria-label=\"Accordion. Open links with Enter or Space, close with Escape, and navigate with Arrow Keys\">\n\t\t\t\t\t\t<details id=\"e-n-accordion-item-8660\" class=\"e-n-accordion-item\" >\n\t\t\t\t<summary class=\"e-n-accordion-item-title\" data-accordion-index=\"1\" tabindex=\"0\" aria-expanded=\"false\" aria-controls=\"e-n-accordion-item-8660\" >\n\t\t\t\t\t<span class='e-n-accordion-item-title-header'><div class=\"e-n-accordion-item-title-text\"> Przedmowa <\/div><\/span>\n\t\t\t\t\t\t\t<span class='e-n-accordion-item-title-icon'>\n\t\t\t<span class='e-opened' ><svg aria-hidden=\"true\" class=\"e-font-icon-svg e-fas-arrow-up\" viewBox=\"0 0 448 512\" xmlns=\"http:\/\/www.w3.org\/2000\/svg\"><path d=\"M34.9 289.5l-22.2-22.2c-9.4-9.4-9.4-24.6 0-33.9L207 39c9.4-9.4 24.6-9.4 33.9 0l194.3 194.3c9.4 9.4 9.4 24.6 0 33.9L413 289.4c-9.5 9.5-25 9.3-34.3-.4L264 168.6V456c0 13.3-10.7 24-24 24h-32c-13.3 0-24-10.7-24-24V168.6L69.2 289.1c-9.3 9.8-24.8 10-34.3.4z\"><\/path><\/svg><\/span>\n\t\t\t<span class='e-closed'><svg aria-hidden=\"true\" class=\"e-font-icon-svg e-fas-arrow-down\" viewBox=\"0 0 448 512\" xmlns=\"http:\/\/www.w3.org\/2000\/svg\"><path d=\"M413.1 222.5l22.2 22.2c9.4 9.4 9.4 24.6 0 33.9L241 473c-9.4 9.4-24.6 9.4-33.9 0L12.7 278.6c-9.4-9.4-9.4-24.6 0-33.9l22.2-22.2c9.5-9.5 25-9.3 34.3.4L184 343.4V56c0-13.3 10.7-24 24-24h32c13.3 0 24 10.7 24 24v287.4l114.8-120.5c9.3-9.8 24.8-10 34.3-.4z\"><\/path><\/svg><\/span>\n\t\t<\/span>\n\n\t\t\t\t\t\t<\/summary>\n\t\t\t\t<div data-particle_enable=\"false\" data-particle-mobile-disabled=\"false\" role=\"region\" aria-labelledby=\"e-n-accordion-item-8660\" class=\"elementor-element elementor-element-cbe072f e-con-full e-flex e-con e-child\" data-id=\"cbe072f\" data-element_type=\"container\" data-e-type=\"container\">\n\t\t\t\t<div class=\"elementor-element elementor-element-76e8959 elementor-widget elementor-widget-text-editor\" data-id=\"76e8959\" data-element_type=\"widget\" data-e-type=\"widget\" data-widget_type=\"text-editor.default\">\n\t\t\t\t<div class=\"elementor-widget-container\">\n\t\t\t\t\t\t\t\t\t<p>Drodzy u\u017cytkownicy [1],<\/p>\n<p>My, HGGS LaserCut GmbH &amp; Co. KG (HGGS), informujemy poni\u017cej o ochronie danych, w szczeg\u00f3lno\u015bci o obowi\u0105zkach w zakresie ochrony danych na\u0142o\u017conych na nas w ramach naszej odpowiedzialno\u015bci wynikaj\u0105cej z przepis\u00f3w o ochronie danych w zwi\u0105zku z wej\u015bciem w \u017cycie og\u00f3lnego rozporz\u0105dzenia UE o ochronie danych (rozporz\u0105dzenie (UE) 2016\/679; dalej: &#8222;RODO&#8221;) w celu zapewnienia ochrony danych osobowych dotycz\u0105cych u\u017cytkownika (poni\u017cej okre\u015blamy u\u017cytkownika jako osob\u0119, kt\u00f3rej dane dotycz\u0105, np. jako &#8222;zainteresowan\u0105 stron\u0119&#8221;, &#8222;u\u017cytkownika&#8221;, &#8222;ciebie&#8221; lub &#8222;ciebie&#8221;). W zakresie, w jakim decydujemy o celach i \u015brodkach przetwarzania danych samodzielnie lub wsp\u00f3lnie z innymi podmiotami, obejmuje to przede wszystkim obowi\u0105zek przejrzystego informowania u\u017cytkownika o rodzaju, zakresie, celu, czasie trwania i podstawie prawnej przetwarzania (por. art. 13 i 14 RODO). W niniejszym o\u015bwiadczeniu (dalej: &#8222;Informacje o ochronie danych HGGS&#8221;) informujemy o sposobie przetwarzania przez nas danych osobowych u\u017cytkownik\u00f3w.<\/p>\n<p>Informacje o ochronie danych HGGS maj\u0105 struktur\u0119 modu\u0142ow\u0105. Oznacza to, \u017ce sk\u0142adaj\u0105 si\u0119 one z cz\u0119\u015bci og\u00f3lnej, kt\u00f3rej tre\u015b\u0107 odnosi si\u0119 do wszystkich sytuacji przetwarzania (cz\u0119\u015b\u0107 A) i kilku cz\u0119\u015bci specjalnych (cz\u0119\u015bci od B do E), z kt\u00f3rych ka\u017cda odnosi si\u0119 wy\u0142\u0105cznie do sytuacji przetwarzania okre\u015blonej tam z oznaczeniem odpowiedniej oferty. Poniewa\u017c u\u017cytkownik mo\u017ce nie korzysta\u0107 ze wszystkich us\u0142ug, mo\u017cliwe jest, \u017ce nie wszystkie cz\u0119\u015bci informacji o ochronie danych HGGS s\u0105 dla niego istotne. Aby znale\u017a\u0107 odpowiednie dla siebie cz\u0119\u015bci, nale\u017cy zapozna\u0107 si\u0119 z poni\u017cszym przegl\u0105dem podzia\u0142u informacji o ochronie danych HGGS:<\/p>\n\t\t\t\t\t\t\t\t<\/div>\n\t\t\t\t<\/div>\n\t\t\t\t<div class=\"elementor-element elementor-element-6f9cb32 elementor-widget elementor-widget-html\" data-id=\"6f9cb32\" data-element_type=\"widget\" data-e-type=\"widget\" data-widget_type=\"html.default\">\n\t\t\t\t<div class=\"elementor-widget-container\">\n\t\t\t\t\t<table><thead><tr><th><strong><\/strong><strong>T<\/strong><strong>cz\u0119\u015b\u0107<\/strong><\/th><th>Nazwa<\/th><th><strong>Ta cz\u0119\u015b\u0107<\/strong><strong> jest dla Ciebie...<\/strong><\/th><\/tr><\/thead><tbody><tr><td>&nbsp;Cz\u0119\u015b\u0107 A<\/td><td>Informacje og\u00f3lne<\/td><td>...zawsze istotne.<\/td><\/tr><tr><td>&nbsp;Cz\u0119\u015b\u0107 B<\/td><td>Strona internetowa i obecno\u015b\u0107 w mediach spo\u0142eczno\u015bciowych<\/td><td>...istotne w przypadku korzystania z naszej niemieckiej strony internetowej, w tym obecno\u015bci w mediach spo\u0142eczno\u015bciowych.<\/td><\/tr><tr><td>&nbsp;Cz\u0119\u015b\u0107 C<\/td><td>Partner biznesowy<\/td><td>...dotyczy os\u00f3b, kt\u00f3re chc\u0105 wsp\u00f3\u0142pracowa\u0107 z nami jako us\u0142ugodawca, dostawca lub podobny partner, s\u0105 ju\u017c z nami w sta\u0142ej relacji biznesowej lub by\u0142y w takiej relacji w przesz\u0142o\u015bci.<\/td><\/tr><tr><td>&nbsp;Cz\u0119\u015b\u0107 D<\/td><td>Kandydaci<\/td><td>...istotne w przypadku ubiegania si\u0119 o zatrudnienie w naszej firmie.<\/td><\/tr><tr><td>&nbsp;Cz\u0119\u015b\u0107 E<\/td><td>SZA jako biuro rzecznika dla sygnalist\u00f3w:<\/td><td>...istotne w przypadku zg\u0142oszenia naruszenia prawa jako sygnalista.<\/td><\/tr><\/tbody><\/table>\t\t\t\t<\/div>\n\t\t\t\t<\/div>\n\t\t\t\t<div class=\"elementor-element elementor-element-2d1a60d elementor-widget elementor-widget-text-editor\" data-id=\"2d1a60d\" data-element_type=\"widget\" data-e-type=\"widget\" data-widget_type=\"text-editor.default\">\n\t\t\t\t<div class=\"elementor-widget-container\">\n\t\t\t\t\t\t\t\t\t<p>[1] Ze wzgl\u0119du na lepsz\u0105 czytelno\u015b\u0107, w niniejszej polityce prywatno\u015bci u\u017cywamy formy m\u0119skiej w odniesieniu do os\u00f3b. Jednak termin ten wyra\u017anie obejmuje kobiety i osoby niebinarne.<\/p>\n\t\t\t\t\t\t\t\t<\/div>\n\t\t\t\t<\/div>\n\t\t\t\t<\/div>\n\t\t\t\t\t<\/details>\n\t\t\t\t\t\t<details id=\"e-n-accordion-item-8661\" class=\"e-n-accordion-item\" >\n\t\t\t\t<summary class=\"e-n-accordion-item-title\" data-accordion-index=\"2\" tabindex=\"-1\" aria-expanded=\"false\" aria-controls=\"e-n-accordion-item-8661\" >\n\t\t\t\t\t<span class='e-n-accordion-item-title-header'><div class=\"e-n-accordion-item-title-text\"> A - Og\u00f3lne <\/div><\/span>\n\t\t\t\t\t\t\t<span class='e-n-accordion-item-title-icon'>\n\t\t\t<span class='e-opened' ><svg aria-hidden=\"true\" class=\"e-font-icon-svg e-fas-arrow-up\" viewBox=\"0 0 448 512\" xmlns=\"http:\/\/www.w3.org\/2000\/svg\"><path d=\"M34.9 289.5l-22.2-22.2c-9.4-9.4-9.4-24.6 0-33.9L207 39c9.4-9.4 24.6-9.4 33.9 0l194.3 194.3c9.4 9.4 9.4 24.6 0 33.9L413 289.4c-9.5 9.5-25 9.3-34.3-.4L264 168.6V456c0 13.3-10.7 24-24 24h-32c-13.3 0-24-10.7-24-24V168.6L69.2 289.1c-9.3 9.8-24.8 10-34.3.4z\"><\/path><\/svg><\/span>\n\t\t\t<span class='e-closed'><svg aria-hidden=\"true\" class=\"e-font-icon-svg e-fas-arrow-down\" viewBox=\"0 0 448 512\" xmlns=\"http:\/\/www.w3.org\/2000\/svg\"><path d=\"M413.1 222.5l22.2 22.2c9.4 9.4 9.4 24.6 0 33.9L241 473c-9.4 9.4-24.6 9.4-33.9 0L12.7 278.6c-9.4-9.4-9.4-24.6 0-33.9l22.2-22.2c9.5-9.5 25-9.3 34.3.4L184 343.4V56c0-13.3 10.7-24 24-24h32c13.3 0 24 10.7 24 24v287.4l114.8-120.5c9.3-9.8 24.8-10 34.3-.4z\"><\/path><\/svg><\/span>\n\t\t<\/span>\n\n\t\t\t\t\t\t<\/summary>\n\t\t\t\t<div data-particle_enable=\"false\" data-particle-mobile-disabled=\"false\" role=\"region\" aria-labelledby=\"e-n-accordion-item-8661\" class=\"elementor-element elementor-element-b3f0628 e-con-full e-flex e-con e-child\" data-id=\"b3f0628\" data-element_type=\"container\" data-e-type=\"container\">\n\t\t\t\t<div class=\"elementor-element elementor-element-811ecab elementor-widget elementor-widget-text-editor\" data-id=\"811ecab\" data-element_type=\"widget\" data-e-type=\"widget\" data-widget_type=\"text-editor.default\">\n\t\t\t\t<div class=\"elementor-widget-container\">\n\t\t\t\t\t\t\t\t\t<h4>A.1. Terminologia<\/h4>\n<p>W kontek\u015bcie informacji o ochronie danych HGGS nast\u0119puj\u0105ce terminy maj\u0105 znaczenie opisane poni\u017cej:<\/p>\n<ul>\n<li><strong>&#8222;Dane osobowe&#8221;<\/strong> oznaczaj\u0105 wszelkie informacje dotycz\u0105ce zidentyfikowanej lub<br \/>mo\u017cliwej do zidentyfikowania osoby fizycznej (&#8222;osoby, kt\u00f3rej dane dotycz\u0105&#8221;). Osoba jest mo\u017cliwa do zidentyfikowania, je\u015bli mo\u017cna j\u0105 zidentyfikowa\u0107 bezpo\u015brednio<br \/>lub po\u015brednio, w szczeg\u00f3lno\u015bci poprzez odniesienie do identyfikatora, takiego jak imi\u0119 i nazwisko, numer identyfikacyjny, identyfikator internetowy<br \/>, dane dotycz\u0105ce lokalizacji lub informacje dotycz\u0105ce jej to\u017csamo\u015bci fizycznej, fizjologicznej, genetycznej,<br \/>psychicznej, ekonomicznej, kulturowej lub spo\u0142ecznej. Identyfikowalno\u015b\u0107<br \/>mo\u017cna r\u00f3wnie\u017c zapewni\u0107 poprzez powi\u0105zanie takich informacji lub innej dodatkowej wiedzy<br \/>. Pochodzenie, forma lub posta\u0107 informacji s\u0105 nieistotne (<br \/>zdj\u0119cia, nagrania wideo lub audio mog\u0105 r\u00f3wnie\u017c zawiera\u0107 dane osobowe).   <\/li>\n<li><strong>&#8222;Przetwarzanie&#8221;<\/strong> to ka\u017cda operacja, kt\u00f3ra obejmuje przetwarzanie danych osobowych, niezale\u017cnie od tego, czy<br \/>z lub bez pomocy zautomatyzowanych (tj. opartych na technologii) proces\u00f3w. Obejmuje to w szczeg\u00f3lno\u015bci gromadzenie<br \/>(tj. pozyskiwanie), zapisywanie, organizowanie, strukturyzowanie, przechowywanie, dostosowywanie lub<br \/>zmienianie, odzyskiwanie, przegl\u0105danie, wykorzystywanie, ujawnianie poprzez przesy\u0142anie, rozpowszechnianie lub<br \/>udost\u0119pnianie w inny spos\u00f3b, dopasowywanie lub \u0142\u0105czenie, ograniczanie, usuwanie lub niszczenie<br \/>danych osobowych lub zmian\u0119 cel\u00f3w, dla kt\u00f3rych<br \/>dane by\u0142y pierwotnie przetwarzane. <\/li>\n<li>\n<p>&#8222;<strong>Administrator&#8221;<\/strong> oznacza osob\u0119 fizyczn\u0105 lub prawn\u0105, organ publiczny, agencj\u0119 lub inny organ, kt\u00f3ry samodzielnie lub wsp\u00f3lnie z innymi okre\u015bla cele i sposoby przetwarzania danych osobowych.<\/li>\n<li>\n<p>&#8222;<strong>Strona trzecia&#8221;<\/strong> oznacza ka\u017cd\u0105 osob\u0119 fizyczn\u0105 lub prawn\u0105, organ publiczny, agencj\u0119 lub organ inny ni\u017c osoba, kt\u00f3rej dane dotycz\u0105, administrator, podmiot przetwarzaj\u0105cy i osoby, kt\u00f3re pod bezpo\u015brednim zwierzchnictwem administratora lub podmiotu przetwarzaj\u0105cego s\u0105 upowa\u017cnione do przetwarzania danych osobowych; obejmuje to r\u00f3wnie\u017c inne podmioty prawne nale\u017c\u0105ce do grupy.<\/li>\n<li><strong>&#8222;Podmiot przetwarzaj\u0105cy&#8221;<\/strong> to osoba fizyczna lub prawna, organ publiczny, agencja lub<br \/>inny podmiot, kt\u00f3ry przetwarza dane osobowe w imieniu administratora, w szczeg\u00f3lno\u015bci zgodnie z instrukcjami administratora,<br \/>(np. dostawca us\u0142ug IT). W rozumieniu prawa o ochronie danych podmiot przetwarzaj\u0105cy dane nie jest stron\u0105 trzeci\u0105, w szczeg\u00f3lno\u015bci<br \/>. <\/li>\n<\/ul>\n<h4>A.2. Nazwa i adres administratora danych<\/h4>\n<p>My, HGGS LaserCUT GmbH &amp; Co KG, Im Gereut 14, 76770 Hatzenb\u00fchl, Niemcy, telefon: +49 7275 9891-0, e-mail: info@hggs.de, jeste\u015bmy odpowiedzialni za przetwarzanie danych osobowych w rozumieniu art. 4 nr 7 RODO.<\/p>\n<p>Wi\u0119cej informacji na temat HGGS mo\u017cna znale\u017a\u0107 w nocie prawnej na naszej stronie internetowej pod adresem<a href=\"https:\/\/www.hggs.de\/impressum\"><span style=\"color: var( --e-global-color-aa8cce4 ); font-family: var( --e-global-typography-e15823d-font-family ), Sans-serif; font-size: var( --e-global-typography-e15823d-font-size ); font-weight: var( --e-global-typography-e15823d-font-weight ); letter-spacing: var( --e-global-typography-e15823d-letter-spacing ); word-spacing: var( --e-global-typography-e15823d-word-spacing ); text-align: var(--text-align);\">https:\/\/www.hggs.de\/impressum<\/span><\/a><span style=\"color: var( --e-global-color-aa8cce4 ); font-family: var( --e-global-typography-e15823d-font-family ), Sans-serif; font-size: var( --e-global-typography-e15823d-font-size ); font-weight: var( --e-global-typography-e15823d-font-weight ); letter-spacing: var( --e-global-typography-e15823d-letter-spacing ); word-spacing: var( --e-global-typography-e15823d-word-spacing ); text-align: var(--text-align);\">.<\/span><\/p>\n<h4><span style=\"color: inherit; font-family: inherit; font-size: 1.5rem; letter-spacing: var( --e-global-typography-e15823d-letter-spacing ); word-spacing: var( --e-global-typography-e15823d-word-spacing ); text-align: var(--text-align);\">A.3. (Nie dotyczy)<\/span><\/h4>\n<h4><span style=\"color: inherit; font-family: inherit; font-size: 1.5rem; letter-spacing: var( --e-global-typography-e15823d-letter-spacing ); word-spacing: var( --e-global-typography-e15823d-word-spacing ); text-align: var(--text-align);\">A.4. Podstawa prawna przetwarzania danych<\/span><\/h4>\n<p>Co do zasady, jakiekolwiek przetwarzanie danych osobowych jest prawnie zabronione i dozwolone tylko wtedy, gdy przetwarzanie danych podlega jednemu z poni\u017cszych uzasadnie\u0144:<\/p>\n<ul>\n<li style=\"list-style-type: none;\">\n<ul>\n<li>Art. 6 ust. 1 litr. a RODO (&#8222;zgoda&#8221;):\n<p>Gdy osoba, kt\u00f3rej dane dotycz\u0105, dobrowolnie, w spos\u00f3b \u015bwiadomy i jednoznaczny, o\u015bwiadczeniem lub wyra\u017anym dzia\u0142aniem potwierdzaj\u0105cym wyrazi\u0142a zgod\u0119 na przetwarzanie dotycz\u0105cych jej danych osobowych w jednym lub wi\u0119kszej liczbie okre\u015blonych cel\u00f3w;<\/li>\n<li>Art. 6 ust. 1 litr. b RODO:\n<p>Je\u017celi przetwarzanie jest niezb\u0119dne do wykonania umowy, kt\u00f3rej stron\u0105 jest osoba, kt\u00f3rej dane dotycz\u0105, lub w celu podj\u0119cia dzia\u0142a\u0144 na \u017c\u0105danie osoby, kt\u00f3rej dane dotycz\u0105, przed zawarciem umowy;<\/li>\n<li>Art. 6 ust. 1 litr. c RODO:<br \/>Je\u015bli przetwarzanie jest niezb\u0119dne do wype\u0142nienia obowi\u0105zku prawnego, kt\u00f3remu podlega administrator (np. prawnego obowi\u0105zku przechowywania danych);<\/li>\n<li> <\/li>\n<\/ul>\n<\/li>\n<\/ul>\n<p>Art. 6 ust. 1 litr. d RODO:<br \/>Je\u017celi przetwarzanie jest niezb\u0119dne w celu ochrony \u017cywotnych interes\u00f3w osoby, kt\u00f3rej dane dotycz\u0105, lub innej osoby fizycznej;<\/p>\n<ul>\n<li>Art. 6 ust. 1 litr. RODO:\n<p>Je\u017celi przetwarzanie jest niezb\u0119dne do wykonania zadania realizowanego w interesie publicznym lub w ramach sprawowania w\u0142adzy publicznej powierzonej administratorowi lub<\/li>\n<li>Art. 6 ust. 1 litr. f RODO (&#8222;Uzasadnione interesy&#8221;):\n<p>Je\u017celi przetwarzanie jest niezb\u0119dne do cel\u00f3w wynikaj\u0105cych z prawnie uzasadnionych interes\u00f3w (w szczeg\u00f3lno\u015bci prawnych lub gospodarczych) realizowanych przez administratora lub przez stron\u0119 trzeci\u0105, z wyj\u0105tkiem sytuacji, w kt\u00f3rych nadrz\u0119dny charakter wobec tych interes\u00f3w maj\u0105 interesy lub prawa osoby, kt\u00f3rej dane dotycz\u0105, wymagaj\u0105ce ochrony danych osobowych (w szczeg\u00f3lno\u015bci gdy osoba, kt\u00f3rej dane dotycz\u0105, jest ma\u0142oletnia).<\/li>\n<li>\u00a7 26 BDSG w zwi\u0105zku z. Art. 88 RODO (przetwarzanie danych do cel\u00f3w stosunku pracy):\n<p>Je\u017celi przetwarzanie jest niezb\u0119dne do podj\u0119cia decyzji o nawi\u0105zaniu stosunku pracy lub, po nawi\u0105zaniu stosunku pracy, do jego realizacji lub rozwi\u0105zania<\/li>\n<\/ul>\n<p>Przechowywanie informacji w urz\u0105dzeniu ko\u0144cowym u\u017cytkownika ko\u0144cowego lub dost\u0119p do informacji, kt\u00f3re s\u0105 ju\u017c przechowywane w urz\u0105dzeniu ko\u0144cowym, jest dozwolone tylko wtedy, gdy jest to obj\u0119te jednym z poni\u017cszych uzasadnie\u0144:<\/p>\n<ul>\n<li> <\/li>\n<li>\u00a7 25 ust. <br \/>1 TTDSG: Je\u015bli u\u017cytkownik ko\u0144cowy wyrazi\u0142 zgod\u0119 na podstawie jasnych i wyczerpuj\u0105cych informacji. Zgoda zosta\u0142a udzielona. Art. 6 ust. 1 str. 1 lit. DS-GVO do przeprowadzenia;<\/li>\n<li>\u00a7 25 ust. <br \/>2 nr 1 TTDSG: Je\u015bli jedynym celem jest przeprowadzenie transmisji komunikatu za po\u015brednictwem publicznej sieci telekomunikacyjnej lub<\/li>\n<li>\u00a7 25 ust. <br \/>2 nr 2 TTDSG: Je\u015bli przechowywanie lub dost\u0119p jest absolutnie niezb\u0119dny, aby dostawca us\u0142ugi telemedialnej m\u00f3g\u0142 zrealizowa\u0107 us\u0142ug\u0119 wyra\u017anie zam\u00f3wion\u0105 przez u\u017cytkownika, dostawca jest zobowi\u0105zany do przechowywania danych.<\/li>\n<\/ul>\n<p>W przypadku operacji przetwarzania danych, kt\u00f3re przeprowadzamy, w ka\u017cdym przypadku poni\u017cej wskazujemy odpowiedni\u0105 podstaw\u0119 prawn\u0105. Przetwarzanie mo\u017ce r\u00f3wnie\u017c opiera\u0107 si\u0119 na kilku podstawach prawnych.<\/p>\n<h4>A.5. Usuwanie danych i czas przechowywania<\/h4>\n<p>W przypadku prowadzonych przez nas operacji przetwarzania wskazujemy poni\u017cej, jak d\u0142ugo dane s\u0105 przez nas przechowywane i kiedy s\u0105 usuwane lub blokowane. O ile poni\u017cej nie okre\u015blono wyra\u017anego okresu przechowywania, dane osobowe u\u017cytkownika zostan\u0105 usuni\u0119te lub zablokowane, gdy tylko cel lub podstawa prawna ich przechowywania przestanie obowi\u0105zywa\u0107. Dane u\u017cytkownika b\u0119d\u0105 przechowywane wy\u0142\u0105cznie na naszych serwerach w Niemczech i Belgii, z zastrze\u017ceniem ujawnienia zgodnie z postanowieniami punktu A.7. i A.8. Dane mog\u0105 by\u0107 jednak przechowywane d\u0142u\u017cej ni\u017c okre\u015blony okres w przypadku (zbli\u017caj\u0105cego si\u0119) sporu prawnego z u\u017cytkownikiem lub innego post\u0119powania prawnego lub je\u015bli przechowywanie jest przewidziane przez przepisy ustawowe, kt\u00f3rym podlegamy jako administrator danych (np. art. 257 HGB, art. 147 AO). Po up\u0142ywie okresu przechowywania okre\u015blonego w przepisach ustawowych dane osobowe zostan\u0105 zablokowane lub usuni\u0119te, chyba \u017ce dalsze przechowywanie przez nas jest konieczne i istnieje ku temu podstawa prawna.<\/p>\n<h4>A.6. Bezpiecze\u0144stwo danych<\/h4>\n<p>Stosujemy odpowiednie techniczne i organizacyjne \u015brodki bezpiecze\u0144stwa w celu ochrony danych przed przypadkow\u0105 lub celow\u0105 manipulacj\u0105, cz\u0119\u015bciow\u0105 lub ca\u0142kowit\u0105 utrat\u0105, zniszczeniem lub nieuprawnionym dost\u0119pem os\u00f3b trzecich (np. szyfrowanie TLS dla naszej strony internetowej), bior\u0105c pod uwag\u0119 stan wiedzy, koszty wdro\u017cenia oraz charakter, zakres, kontekst i cel przetwarzania, a tak\u017ce istniej\u0105ce ryzyko naruszenia danych (w tym jego prawdopodobie\u0144stwo i skutki) dla osoby, kt\u00f3rej dane dotycz\u0105. Nasze \u015brodki bezpiecze\u0144stwa s\u0105 stale ulepszane zgodnie z rozwojem technologicznym.<\/p>\n<p>Na \u017cyczenie ch\u0119tnie udzielimy bardziej szczeg\u00f3\u0142owych informacji. Prosimy o kontakt z naszym inspektorem ochrony danych (patrz punkt A.3.).<\/p>\n<h4>A.7. Wsp\u00f3\u0142praca z przetw\u00f3rcami<\/h4>\n<p>Podobnie jak w przypadku ka\u017cdej du\u017cej firmy prawniczej, r\u00f3\u017cni krajowi i zagraniczni dostawcy us\u0142ug pracuj\u0105 dla nas jako podmioty przetwarzaj\u0105ce nasze transakcje biznesowe. B\u0119d\u0105 one dzia\u0142a\u0107 wy\u0142\u0105cznie zgodnie z naszymi instrukcjami i zosta\u0142y umownie zobowi\u0105zane do przestrzegania przepis\u00f3w o ochronie danych w rozumieniu art. 28 RODO.<\/p>\n<h4>A.8. Wymogi dotycz\u0105ce przekazywania danych osobowych do pa\u0144stw trzecich<\/h4>\n<p>Ze wzgl\u0119du na globaln\u0105 orientacj\u0119 naszej kancelarii prawnej, dane osobowe u\u017cytkownik\u00f3w mog\u0105 by\u0107 przekazywane lub ujawniane firmom zewn\u0119trznym w ramach naszych relacji biznesowych. Mog\u0105 one r\u00f3wnie\u017c znajdowa\u0107 si\u0119 poza Europejskim Obszarem Gospodarczym (EOG), tj. w krajach trzecich. Takie przetwarzanie odbywa si\u0119 wy\u0142\u0105cznie w celu wype\u0142nienia zobowi\u0105za\u0144 umownych i biznesowych oraz utrzymania relacji biznesowych z HGGS (podstaw\u0105 prawn\u0105 jest art. 6 ust. 1 lit. b lub lit. f w ka\u017cdym przypadku w zwi\u0105zku z art. 44 i nast. RODO). Poinformujemy Ci\u0119 o odpowiednich szczeg\u00f3\u0142ach transferu w odpowiednich punktach poni\u017cej.<\/p>\n<p>Komisja Europejska za\u015bwiadcza, \u017ce niekt\u00f3re kraje trzecie maj\u0105 standardy ochrony danych por\u00f3wnywalne ze standardami EOG za pomoc\u0105 tzw. decyzji stwierdzaj\u0105cych odpowiedni poziom ochrony (list\u0119 tych kraj\u00f3w i kopi\u0119 decyzji stwierdzaj\u0105cych odpowiedni poziom ochrony mo\u017cna znale\u017a\u0107 tutaj: <a href=\"https:\/\/ec.europa.eu\/info\/law\/law-topic\/data-protection\/international-dimension-data-protection\/adequacy-decisions_en\">https:\/\/ec.europa.eu\/info\/law\/&#8230;)<\/a>. W innych krajach trzecich, do kt\u00f3rych dane osobowe mog\u0105 by\u0107 przekazywane, mo\u017ce jednak nie istnie\u0107 niezmiennie wysoki poziom ochrony danych ze wzgl\u0119du na brak przepis\u00f3w prawnych. W takim przypadku zapewniamy odpowiedni\u0105 ochron\u0119 danych. Jest to mo\u017cliwe za po\u015brednictwem wi\u0105\u017c\u0105cych regu\u0142 korporacyjnych, standardowych klauzul umownych Komisji Europejskiej dotycz\u0105cych ochrony danych osobowych zgodnie z art. 6 ust. 1 lit. a RODO. Art. 46 ust. 1, 2 lit. c RODO (standardowe klauzule umowne z 2021 r. s\u0105 dost\u0119pne pod adresem <a href=\"https:\/\/eur-lex.europa.eu\/legal-content\/EN\/TXT\/?uri=CELEX%3A32021D0915&amp;locale-en\">https:\/\/eur-lex.europa.eu\/lega&#8230;)<\/a>, certyfikaty lub uznane kodeksy post\u0119powania. Je\u015bli chcesz uzyska\u0107 wi\u0119cej informacji na ten temat, skontaktuj si\u0119 z naszym inspektorem ochrony danych.<\/p>\n<h4>A.9. Zobowi\u0105zanie prawne HGGS do przekazywania okre\u015blonych danych<\/h4>\n<p>Podlegamy r\u00f3\u017cnym obowi\u0105zkom prawnym, kt\u00f3rych wype\u0142nienie mo\u017ce wymaga\u0107 podania danych przetwarzanych zgodnie z prawem (art. 6 ust. 1 lit. c RODO); mo\u017ce to wynika\u0107 z przepis\u00f3w prawa podatkowego lub niemieckiego kodeksu handlowego.<\/p>\n<h4>A.10. Brak zautomatyzowanego podejmowania decyzji (w tym profilowania)<\/h4>\n<p>Nie b\u0119dziemy wykorzystywa\u0107 danych osobowych zebranych od u\u017cytkownika do zautomatyzowanego podejmowania decyzji (w tym profilowania).<\/p>\n<h4>A.11. Brak obowi\u0105zku podawania danych osobowych<\/h4>\n<p>Nie uzale\u017cniamy zawierania z nami um\u00f3w od uprzedniego przekazania nam danych osobowych przez u\u017cytkownika. Jako klient nie masz prawnego ani umownego obowi\u0105zku przekazywania nam swoich danych osobowych; mo\u017cemy jednak by\u0107 w stanie \u015bwiadczy\u0107 pewne us\u0142ugi tylko w ograniczonym zakresie lub wcale, je\u015bli nie dostarczysz nam niezb\u0119dnych danych. Je\u015bli b\u0119dzie to mia\u0142o miejsce wyj\u0105tkowo w ramach oferowanych przez nas us\u0142ug przedstawionych poni\u017cej, zostaniesz o tym poinformowany osobno.<\/p>\n<h4>A. 12. Twoje prawa<\/h4>\n<p>U\u017cytkownik mo\u017ce skorzysta\u0107 z praw przys\u0142uguj\u0105cych mu jako osobie, kt\u00f3rej dane dotycz\u0105, korzystaj\u0105c z informacji podanych w punkcie A.2. dane kontaktowe podane w dowolnym momencie. Jako osoba zainteresowana masz do tego prawo:<\/p>\n<ul>\n<li>za\u017c\u0105da\u0107 <b>informacji<\/b> o swoich danych przetwarzanych przez nas zgodnie z art. 15 RODO. W szczeg\u00f3lno\u015bci mo\u017cesz za\u017c\u0105da\u0107 informacji o celach przetwarzania, kategorii danych, kategoriach odbiorc\u00f3w, kt\u00f3rym Twoje dane zosta\u0142y lub zostan\u0105 ujawnione, planowanym okresie przechowywania, istnieniu prawa do sprostowania, usuni\u0119cia, ograniczenia przetwarzania lub sprzeciwu, istnieniu prawa do odwo\u0142ania, pochodzeniu Twoich danych, je\u015bli nie zosta\u0142y przez nas zebrane, a tak\u017ce o istnieniu zautomatyzowanego podejmowania decyzji, w tym profilowania i, w stosownych przypadkach, istotnych informacji na temat jego szczeg\u00f3\u0142\u00f3w;<\/li>\n<li>zgodnie z art. 16 RODO, do niezw\u0142ocznego \u017c\u0105dania <b>poprawienia<\/b> nieprawid\u0142owych danych lub uzupe\u0142nienia danych przechowywanych przez nas;<\/li>\n<li>zgodnie z art. 17 RODO, do \u017c\u0105dania <b>usuni\u0119cia<\/b> przechowywanych przez nas danych, chyba \u017ce przetwarzanie jest niezb\u0119dne do korzystania z prawa do wolno\u015bci wypowiedzi i informacji, do wype\u0142nienia obowi\u0105zku prawnego, ze wzgl\u0119du na interes publiczny lub w celu ustalenia, dochodzenia lub obrony roszcze\u0144 prawnych;<\/li>\n<li>zgodnie z art. 18 RODO, do \u017c\u0105dania <b>ograniczenia przetwarzania<\/b> danych u\u017cytkownika, je\u015bli u\u017cytkownik kwestionuje prawid\u0142owo\u015b\u0107 danych lub przetwarzanie jest niezgodne z prawem;<\/li>\n<li>zgodnie z art. 20 RODO, do otrzymania swoich danych, kt\u00f3re nam przekaza\u0142e\u015b, w ustrukturyzowanym, powszechnie u\u017cywanym i nadaj\u0105cym si\u0119 do odczytu maszynowego formacie lub do za\u017c\u0105dania przekazania ich innemu administratorowi (<b>&#8222;przenoszenie danych<\/b>&#8222;);<\/li>\n<li>wniesienia <b>sprzeciwu<\/b> wobec przetwarzania zgodnie z art. 21 RODO, pod warunkiem, \u017ce przetwarzanie odbywa si\u0119 na podstawie art. 6 ust. 1 lit. a) RODO. 1 litr. e lub lit. f RODO. Dotyczy to w szczeg\u00f3lno\u015bci sytuacji, gdy przetwarzanie nie jest konieczne do realizacji umowy z u\u017cytkownikiem. Je\u015bli nie jest to sprzeciw wobec marketingu bezpo\u015bredniego, prosimy o wyja\u015bnienie powod\u00f3w, dla kt\u00f3rych nie powinni\u015bmy przetwarza\u0107 danych u\u017cytkownika, tak jak to zrobili\u015bmy w przypadku takiego sprzeciwu. W przypadku uzasadnionego sprzeciwu u\u017cytkownika przeanalizujemy sytuacj\u0119 i albo zaprzestaniemy przetwarzania danych, albo je dostosujemy, albo wska\u017cemy u\u017cytkownikowi istotne powody zas\u0142uguj\u0105ce na ochron\u0119, na podstawie kt\u00f3rych b\u0119dziemy kontynuowa\u0107 przetwarzanie;<\/li>\n<li>zgodnie z art. 7 ust. 3 RODO, u\u017cytkownik ma prawo do <b>wycofania<\/b> raz udzielonej nam <b>zgody<\/b> (nawet przed wej\u015bciem w \u017cycie RODO, tj. przed 25 maja 2018 r.) &#8211; tj. dobrowolnej, \u015bwiadomej i jednoznacznej zgody na przetwarzanie danych osobowych w jednym lub wi\u0119kszej liczbie okre\u015blonych cel\u00f3w za pomoc\u0105 o\u015bwiadczenia lub innego jednoznacznego aktu potwierdzaj\u0105cego &#8211; w dowolnym momencie, je\u015bli wyrazi\u0142 tak\u0105 zgod\u0119. W rezultacie nie mo\u017cemy ju\u017c kontynuowa\u0107 przetwarzania danych na podstawie tej zgody w przysz\u0142o\u015bci, oraz<\/li>\n<li>wniesienia skargi do organu nadzorczego ds. ochrony danych w zwi\u0105zku z przetwarzaniem danych osobowych w naszej kancelarii zgodnie z art. 77 RODO, na przyk\u0142ad do w\u0142a\u015bciwego dla nas organu nadzorczego ds. ochrony danych: Krajowy Komisarz ds. Ochrony Danych Badenia-Wirtembergia, K\u00f6nigstra\u00dfe 10a, 70173 Stuttgart, e-mail: <a href=\"mailto:poststelle@lfdi.bwl.de\">poststelle@lfdi.bwl.de<\/a>.<\/li>\n<\/ul>\n\t\t\t\t\t\t\t\t<\/div>\n\t\t\t\t<\/div>\n\t\t\t\t<div class=\"elementor-element elementor-element-8acf5b5 elementor-widget elementor-widget-spacer\" data-id=\"8acf5b5\" data-element_type=\"widget\" data-e-type=\"widget\" data-widget_type=\"spacer.default\">\n\t\t\t\t<div class=\"elementor-widget-container\">\n\t\t\t\t\t\t\t<div class=\"elementor-spacer\">\n\t\t\t<div class=\"elementor-spacer-inner\"><\/div>\n\t\t<\/div>\n\t\t\t\t\t\t<\/div>\n\t\t\t\t<\/div>\n\t\t\t\t<\/div>\n\t\t\t\t\t<\/details>\n\t\t\t\t\t\t<details id=\"e-n-accordion-item-8662\" class=\"e-n-accordion-item\" >\n\t\t\t\t<summary class=\"e-n-accordion-item-title\" data-accordion-index=\"3\" tabindex=\"-1\" aria-expanded=\"false\" aria-controls=\"e-n-accordion-item-8662\" >\n\t\t\t\t\t<span class='e-n-accordion-item-title-header'><div class=\"e-n-accordion-item-title-text\"> B - Strona internetowa i obecno\u015b\u0107 w mediach spo\u0142eczno\u015bciowych <\/div><\/span>\n\t\t\t\t\t\t\t<span class='e-n-accordion-item-title-icon'>\n\t\t\t<span class='e-opened' ><svg aria-hidden=\"true\" class=\"e-font-icon-svg e-fas-arrow-up\" viewBox=\"0 0 448 512\" xmlns=\"http:\/\/www.w3.org\/2000\/svg\"><path d=\"M34.9 289.5l-22.2-22.2c-9.4-9.4-9.4-24.6 0-33.9L207 39c9.4-9.4 24.6-9.4 33.9 0l194.3 194.3c9.4 9.4 9.4 24.6 0 33.9L413 289.4c-9.5 9.5-25 9.3-34.3-.4L264 168.6V456c0 13.3-10.7 24-24 24h-32c-13.3 0-24-10.7-24-24V168.6L69.2 289.1c-9.3 9.8-24.8 10-34.3.4z\"><\/path><\/svg><\/span>\n\t\t\t<span class='e-closed'><svg aria-hidden=\"true\" class=\"e-font-icon-svg e-fas-arrow-down\" viewBox=\"0 0 448 512\" xmlns=\"http:\/\/www.w3.org\/2000\/svg\"><path d=\"M413.1 222.5l22.2 22.2c9.4 9.4 9.4 24.6 0 33.9L241 473c-9.4 9.4-24.6 9.4-33.9 0L12.7 278.6c-9.4-9.4-9.4-24.6 0-33.9l22.2-22.2c9.5-9.5 25-9.3 34.3.4L184 343.4V56c0-13.3 10.7-24 24-24h32c13.3 0 24 10.7 24 24v287.4l114.8-120.5c9.3-9.8 24.8-10 34.3-.4z\"><\/path><\/svg><\/span>\n\t\t<\/span>\n\n\t\t\t\t\t\t<\/summary>\n\t\t\t\t<div data-particle_enable=\"false\" data-particle-mobile-disabled=\"false\" role=\"region\" aria-labelledby=\"e-n-accordion-item-8662\" class=\"elementor-element elementor-element-72d464c e-con-full e-flex e-con e-child\" data-id=\"72d464c\" data-element_type=\"container\" data-e-type=\"container\">\n\t\t\t\t<div class=\"elementor-element elementor-element-c4279a5 ohne-punkt elementor-widget elementor-widget-text-editor\" data-id=\"c4279a5\" data-element_type=\"widget\" data-e-type=\"widget\" data-widget_type=\"text-editor.default\">\n\t\t\t\t<div class=\"elementor-widget-container\">\n\t\t\t\t\t\t\t\t\t<h3>1. ochrona danych w skr\u00f3cie<\/h3>\n<h4>Informacje og\u00f3lne<\/h4> <p>Poni\u017csze informacje stanowi\u0105 prosty przegl\u0105d tego, co dzieje si\u0119 z danymi osobowymi u\u017cytkownika podczas odwiedzania tej witryny. Dane osobowe to wszystkie dane, za pomoc\u0105 kt\u00f3rych mo\u017cna zidentyfikowa\u0107 u\u017cytkownika. Szczeg\u00f3\u0142owe informacje na temat ochrony danych mo\u017cna znale\u017a\u0107 w naszej polityce prywatno\u015bci wymienionej poni\u017cej tego tekstu.<\/p>\n<h4>Gromadzenie danych na tej stronie internetowej<\/h4> <h5>Kto jest odpowiedzialny za gromadzenie danych na tej stronie?<\/h5> <p>Przetwarzanie danych na tej stronie odbywa si\u0119 przez operatora strony. Ich dane kontaktowe mo\u017cna znale\u017a\u0107 w sekcji &#8222;Informacje o administratorze&#8221; w niniejszej polityce prywatno\u015bci.<\/p> <h5>W jaki spos\u00f3b gromadzimy dane u\u017cytkownik\u00f3w?<\/h5> <p>Z jednej strony, dane u\u017cytkownika s\u0105 gromadzone, gdy u\u017cytkownik nam je przekazuje. Mog\u0105 to by\u0107 na przyk\u0142ad dane wprowadzone przez u\u017cytkownika w formularzu kontaktowym.<\/p> <p>Inne dane s\u0105 gromadzone automatycznie lub za zgod\u0105 u\u017cytkownika przez nasze systemy informatyczne podczas odwiedzania strony internetowej. S\u0105 to przede wszystkim dane techniczne (np. przegl\u0105darka internetowa, system operacyjny lub czas wy\u015bwietlenia strony). Dane te s\u0105 gromadzone automatycznie po wej\u015bciu na stron\u0119.<\/p> <h5>Do czego wykorzystujemy dane u\u017cytkownik\u00f3w?<\/h5> <p>Niekt\u00f3re dane s\u0105 gromadzone w celu zapewnienia bezb\u0142\u0119dnego dzia\u0142ania strony internetowej. Inne dane mog\u0105 by\u0107 wykorzystywane do analizy zachowa\u0144 u\u017cytkownik\u00f3w. Je\u015bli umowy mog\u0105 by\u0107 zawierane lub inicjowane za po\u015brednictwem strony internetowej, przekazywane dane b\u0119d\u0105 r\u00f3wnie\u017c przetwarzane w celu sk\u0142adania ofert, zam\u00f3wie\u0144 lub innych zapyta\u0144 dotycz\u0105cych zam\u00f3wie\u0144.<\/p> <h5>Jakie prawa przys\u0142uguj\u0105 u\u017cytkownikowi w odniesieniu do jego danych?<\/h5> <p>U\u017cytkownik ma prawo do bezp\u0142atnego otrzymania w dowolnym momencie informacji o pochodzeniu, odbiorcy i celu przechowywanych danych osobowych. U\u017cytkownik ma r\u00f3wnie\u017c prawo za\u017c\u0105da\u0107 poprawienia lub usuni\u0119cia tych danych. Je\u015bli u\u017cytkownik wyrazi\u0142 zgod\u0119 na przetwarzanie danych, mo\u017ce j\u0105 cofn\u0105\u0107 w dowolnym momencie na przysz\u0142o\u015b\u0107. W pewnych okoliczno\u015bciach u\u017cytkownik ma r\u00f3wnie\u017c prawo za\u017c\u0105da\u0107 ograniczenia przetwarzania jego danych osobowych. Ponadto u\u017cytkownik ma prawo do z\u0142o\u017cenia skargi do w\u0142a\u015bciwego organu nadzorczego.<\/p> <p>U\u017cytkownik mo\u017ce skontaktowa\u0107 si\u0119 z nami w dowolnym momencie, je\u015bli ma dodatkowe pytania dotycz\u0105ce ochrony danych.<\/p>\n<h4>Narz\u0119dzia analityczne i narz\u0119dzia dostawc\u00f3w zewn\u0119trznych<\/h4> <p>Gdy u\u017cytkownik odwiedza t\u0119 witryn\u0119, jego zachowanie podczas surfowania mo\u017ce by\u0107 oceniane statystycznie. Odbywa si\u0119 to g\u0142\u00f3wnie za pomoc\u0105 tak zwanych program\u00f3w analitycznych. <\/p> <p>Szczeg\u00f3\u0142owe informacje na temat tych program\u00f3w analitycznych mo\u017cna znale\u017a\u0107 w poni\u017cszej polityce prywatno\u015bci.<\/p>\n<h3>2. hosting<\/h3>\n<p>Tre\u015b\u0107 naszej strony internetowej jest hostowana przez nast\u0119puj\u0105cego dostawc\u0119:<\/p>\n<h4>IONOS<\/h4> <p>Dostawc\u0105 jest IONOS SE, Elgendorfer Str. 57, 56410 Montabaur (zwany dalej IONOS). Gdy u\u017cytkownik odwiedza nasz\u0105 witryn\u0119, IONOS rejestruje r\u00f3\u017cne pliki dziennika, w tym adresy IP u\u017cytkownik\u00f3w. Szczeg\u00f3\u0142owe informacje mo\u017cna znale\u017a\u0107 w polityce prywatno\u015bci IONOS: <a href=\"https:\/\/www.ionos.de\/terms-gtc\/terms-privacy\" target=\"_blank\" rel=\"noopener noreferrer\">https:\/\/www.ionos.de\/terms-gtc\/terms-privacy<\/a>.<\/p> <p>Korzystanie z systemu IONOS opiera si\u0119 na art. 6 ust. 1 litr. f RODO. Mamy uzasadniony interes w zapewnieniu, \u017ce nasza strona internetowa jest wy\u015bwietlana tak niezawodnie, jak to tylko mo\u017cliwe. Je\u015bli za\u017c\u0105dano odpowiedniej zgody, przetwarzanie odbywa si\u0119 wy\u0142\u0105cznie na podstawie art. 6 ust. 1 lit. a) RODO. 1 litr. a RODO i \u00a7 25 ust. 1 RODO, o ile zgoda obejmuje przechowywanie plik\u00f3w cookie lub dost\u0119p do informacji w urz\u0105dzeniu ko\u0144cowym u\u017cytkownika (np. pobieranie odcisk\u00f3w palc\u00f3w urz\u0105dzenia) w rozumieniu RODO. Zgoda mo\u017ce zosta\u0107 cofni\u0119ta w dowolnym momencie.<\/p>\n\n<h3>3 Uwagi og\u00f3lne i informacje obowi\u0105zkowe<\/h3>\n<h4>Ochrona danych<\/h4> <p>Operatorzy tych stron bardzo powa\u017cnie podchodz\u0105 do ochrony danych osobowych u\u017cytkownik\u00f3w. Dane osobowe u\u017cytkownik\u00f3w traktujemy poufnie i zgodnie z ustawowymi przepisami o ochronie danych oraz niniejsz\u0105 polityk\u0105 prywatno\u015bci.<\/p> <p>Podczas korzystania z tej witryny gromadzone s\u0105 r\u00f3\u017cne dane osobowe. Dane osobowe to dane, kt\u00f3re mo\u017cna wykorzysta\u0107 do osobistej identyfikacji u\u017cytkownika. Niniejsza polityka prywatno\u015bci wyja\u015bnia, jakie dane gromadzimy i do czego je wykorzystujemy. Wyja\u015bnia r\u00f3wnie\u017c, w jaki spos\u00f3b i w jakim celu jest to robione.<\/p> <p>Chcieliby\u015bmy zwr\u00f3ci\u0107 uwag\u0119, \u017ce transmisja danych przez Internet (np. podczas komunikacji przez e-mail) mo\u017ce mie\u0107 luki w zabezpieczeniach. Pe\u0142na ochrona danych przed dost\u0119pem os\u00f3b trzecich nie jest mo\u017cliwa.<\/p>\n<h4>Uwaga dotycz\u0105ca podmiotu odpowiedzialnego<\/h4> <p>Administratorem odpowiedzialnym za przetwarzanie danych na tej stronie jest<\/p> <p><br><br>HGGS LaserCUT GmbH &amp; Co. KG Im Gereut 14 76770 Hatzenb\u00fchl<\/p>\n\n<p><br>Telefon: +49 7275 9891-0 E-mail: lasercut@hggs.de<\/p>\n <p>Administrator danych to osoba fizyczna lub prawna, kt\u00f3ra samodzielnie lub wsp\u00f3lnie z innymi okre\u015bla cele i sposoby przetwarzania danych osobowych (np. imion i nazwisk, adres\u00f3w e-mail itp.).<\/p>\n\n<h4>Czas przechowywania<\/h4> <p>O ile w niniejszej polityce prywatno\u015bci nie okre\u015blono bardziej szczeg\u00f3\u0142owego okresu przechowywania, dane osobowe u\u017cytkownika pozostan\u0105 u nas do momentu ustania celu przetwarzania danych. Je\u015bli u\u017cytkownik z\u0142o\u017cy uzasadniony wniosek o usuni\u0119cie danych lub cofnie zgod\u0119 na ich przetwarzanie, jego dane zostan\u0105 usuni\u0119te, chyba \u017ce b\u0119dziemy mie\u0107 inne prawnie dopuszczalne powody do przechowywania jego danych osobowych (np. okresy przechowywania zgodnie z prawem podatkowym lub handlowym); w tym ostatnim przypadku usuni\u0119cie nast\u0105pi po ustaniu tych powod\u00f3w.<\/p>\n<h4>Og\u00f3lne informacje na temat podstawy prawnej przetwarzania danych na tej stronie internetowej<\/h4> <p>Je\u015bli u\u017cytkownik wyrazi\u0142 zgod\u0119 na przetwarzanie danych, przetwarzamy jego dane osobowe na podstawie art. 6 ust. 1 lit. a) RODO. 1 litr. a RODO i art. 9 ust. 2 litry. a RODO, w zakresie, w jakim szczeg\u00f3lne kategorie danych zgodnie z art. 9 ust. 1 RODO s\u0105 przetwarzane. W przypadku wyra\u017cenia wyra\u017anej zgody na przekazywanie danych osobowych do pa\u0144stw trzecich, przetwarzanie danych odbywa si\u0119 r\u00f3wnie\u017c na podstawie art. 49 par. 1 litr. a RODO. Je\u015bli u\u017cytkownik wyrazi\u0142 zgod\u0119 na przechowywanie plik\u00f3w cookie lub dost\u0119p do informacji w swoim urz\u0105dzeniu ko\u0144cowym (np. poprzez odcisk palca urz\u0105dzenia), przetwarzanie danych odbywa si\u0119 r\u00f3wnie\u017c na podstawie sekcji 25 (1) RODO.  Zgoda mo\u017ce zosta\u0107 cofni\u0119ta w dowolnym momencie. Je\u015bli dane u\u017cytkownika s\u0105 wymagane do realizacji umowy lub wdro\u017cenia \u015brodk\u00f3w przedumownych, przetwarzamy dane u\u017cytkownika na podstawie art. 6 ust. 1 lit. a) RODO. 1 litr. b RODO. Ponadto przetwarzamy dane u\u017cytkownika, je\u015bli jest to konieczne do wype\u0142nienia obowi\u0105zku prawnego na podstawie art. 6 ust. 1 lit. a) RODO. 1 litr. c RODO. Przetwarzanie danych mo\u017ce r\u00f3wnie\u017c opiera\u0107 si\u0119 na naszym uzasadnionym interesie zgodnie z art. 6 ust. 1 litr. f DSGVO musi zosta\u0107 przeprowadzone. Informacje na temat odpowiednich podstaw prawnych w ka\u017cdym indywidualnym przypadku znajduj\u0105 si\u0119 w kolejnych punktach niniejszej polityki prywatno\u015bci.<\/p>\n<!--h4>Datenschutz&shy;beauftragter<\/h4> <p>Wir haben einen Datenschutzbeauftragten benannt.<\/p>\n<p>xxxxxxxxxxxxx Name und Anschriftxxxxxxxxxxxxxxxxxxx<\/p>\n\n<p>Telefon: xxxxxxxxxxxxxxxxxxxxxxxxxxx<br \/>\nE-Mail: xxxxxxxxxxxxxxxxxxxxxxxxx<\/p-->\n<h4>Odbiorcy danych osobowych<\/h4> <p>W ramach naszej dzia\u0142alno\u015bci biznesowej wsp\u00f3\u0142pracujemy z r\u00f3\u017cnymi organizacjami zewn\u0119trznymi. W niekt\u00f3rych przypadkach konieczne jest r\u00f3wnie\u017c przekazanie danych osobowych tym organom zewn\u0119trznym. Przekazujemy dane osobowe organom zewn\u0119trznym tylko wtedy, gdy jest to konieczne do realizacji umowy, je\u015bli jeste\u015bmy do tego prawnie zobowi\u0105zani (np. przekazywanie danych organom podatkowym), je\u015bli mamy uzasadniony interes zgodnie z art. 6 ust. 1 lit. a RODO lub je\u015bli mamy uzasadniony interes w przetwarzaniu danych osobowych. 1 litr. f RODO lub je\u015bli inna podstawa prawna zezwala na przekazanie danych. Korzystaj\u0105c z us\u0142ug podmiot\u00f3w przetwarzaj\u0105cych, przekazujemy dane osobowe naszych klient\u00f3w wy\u0142\u0105cznie na podstawie wa\u017cnej umowy o przetwarzanie zam\u00f3wienia. W przypadku wsp\u00f3lnego przetwarzania danych zawierana jest umowa o wsp\u00f3lnym przetwarzaniu danych.<\/p>\n<h4>Cofni\u0119cie zgody na przetwarzanie danych<\/h4> <p>Wiele operacji przetwarzania danych jest mo\u017cliwych tylko za wyra\u017an\u0105 zgod\u0105 u\u017cytkownika. U\u017cytkownik mo\u017ce odwo\u0142a\u0107 swoj\u0105 zgod\u0119 w dowolnym momencie. Odwo\u0142anie nie ma wp\u0142ywu na zgodno\u015b\u0107 z prawem przetwarzania danych prowadzonego do momentu odwo\u0142ania.<\/p>\n<h4>Prawo do sprzeciwu wobec gromadzenia danych w szczeg\u00f3lnych przypadkach i marketingu bezpo\u015bredniego (art. 21 RODO)<\/h4> <p>JE\u017bELI PRZETWARZANIE DANYCH ODBYWA SI\u0118 NA PODSTAWIE ART. 6 ABS. 1 LIT. E LUB F RODO, U\u017bYTKOWNIK MA PRAWO W DOWOLNYM MOMENCIE WNIE\u015a\u0106 SPRZECIW WOBEC PRZETWARZANIA JEGO DANYCH OSOBOWYCH Z PRZYCZYN ZWI\u0104ZANYCH Z JEGO SZCZEG\u00d3LN\u0104 SYTUACJ\u0104; DOTYCZY TO R\u00d3WNIE\u017b PROFILOWANIA NA PODSTAWIE TYCH PRZEPIS\u00d3W. ODPOWIEDNI\u0104 PODSTAW\u0118 PRAWN\u0104, NA KT\u00d3REJ OPIERA SI\u0118 PRZETWARZANIE, MO\u017bNA ZNALE\u0179\u0106 W NINIEJSZEJ POLITYCE PRYWATNO\u015aCI. JE\u015aLI U\u017bYTKOWNIK WYRAZI SPRZECIW, NIE B\u0118DZIEMY JU\u017b PRZETWARZA\u0106 JEGO DANYCH OSOBOWYCH, CHYBA \u017bE B\u0118DZIEMY W STANIE WYKAZA\u0106 ISTNIENIE WA\u017bNYCH PRAWNIE UZASADNIONYCH PODSTAW DO PRZETWARZANIA, NADRZ\u0118DNYCH WOBEC INTERES\u00d3W, PRAW I WOLNO\u015aCI U\u017bYTKOWNIKA, LUB PRZETWARZANIE S\u0141U\u017bY USTALENIU, DOCHODZENIU LUB OBRONIE ROSZCZE\u0143 PRAWNYCH (SPRZECIW NA PODSTAWIE ART. 21 UST. 1 RODO).<\/p> <p>JE\u015aLI DANE OSOBOWE U\u017bYTKOWNIKA S\u0104 PRZETWARZANE DO CEL\u00d3W MARKETINGU BEZPO\u015aREDNIEGO, U\u017bYTKOWNIK MA PRAWO W DOWOLNYM MOMENCIE WNIE\u015a\u0106 SPRZECIW WOBEC PRZETWARZANIA DOTYCZ\u0104CYCH GO DANYCH OSOBOWYCH DO CEL\u00d3W TAKIEGO MARKETINGU, W TYM PROFILOWANIA W ZAKRESIE, W JAKIM JEST ONO ZWI\u0104ZANE Z TAKIM MARKETINGIEM BEZPO\u015aREDNIM. JE\u015aLI U\u017bYTKOWNIK WYRAZI SPRZECIW, JEGO DANE OSOBOWE NIE B\u0118D\u0104 JU\u017b WYKORZYSTYWANE DO CEL\u00d3W MARKETINGU BEZPO\u015aREDNIEGO (SPRZECIW ZGODNIE Z ART. 21 UST. 2 RODO).<\/p>\n<h4>Prawo do z\u0142o\u017cenia skargi do w\u0142a\u015bciwego organu nadzorczego<\/h4> <p>W przypadku naruszenia RODO osoby, kt\u00f3rych dane dotycz\u0105, maj\u0105 prawo wnie\u015b\u0107 skarg\u0119 do organu nadzorczego, w szczeg\u00f3lno\u015bci w pa\u0144stwie cz\u0142onkowskim swojego zwyk\u0142ego pobytu, swojego miejsca pracy lub miejsca pope\u0142nienia domniemanego naruszenia. Prawo do odwo\u0142ania istnieje bez uszczerbku dla innych administracyjnych lub s\u0105dowych \u015brodk\u00f3w odwo\u0142awczych.<\/p>\n<h4>Prawo do przenoszenia danych<\/h4> <p>U\u017cytkownik ma prawo do tego, aby dane, kt\u00f3re przetwarzamy automatycznie na podstawie jego zgody lub w ramach realizacji umowy, zosta\u0142y przekazane u\u017cytkownikowi lub stronie trzeciej w powszechnie u\u017cywanym formacie nadaj\u0105cym si\u0119 do odczytu maszynowego. Je\u015bli u\u017cytkownik za\u017c\u0105da bezpo\u015bredniego przekazania danych innemu administratorowi, zostanie to wykonane wy\u0142\u0105cznie w zakresie, w jakim jest to technicznie wykonalne.<\/p>\n<h4>Informacje, poprawianie i usuwanie<\/h4> <p>W ramach obowi\u0105zuj\u0105cych przepis\u00f3w prawnych u\u017cytkownik ma w ka\u017cdej chwili prawo do bezp\u0142atnej informacji o przechowywanych danych osobowych, ich pochodzeniu i odbiorcy oraz celu przetwarzania danych, a tak\u017ce, w razie potrzeby, prawo do sprostowania lub usuni\u0119cia tych danych. U\u017cytkownik mo\u017ce skontaktowa\u0107 si\u0119 z nami w dowolnym momencie, je\u015bli ma dodatkowe pytania dotycz\u0105ce danych osobowych.<\/p>\n<h4>Prawo do ograniczenia przetwarzania<\/h4> <p>U\u017cytkownik ma prawo za\u017c\u0105da\u0107 ograniczenia przetwarzania jego danych osobowych. W tym celu mo\u017cna skontaktowa\u0107 si\u0119 z nami w dowolnym momencie. Prawo do ograniczenia przetwarzania istnieje w nast\u0119puj\u0105cych przypadkach:<\/p> <ul> <li>Je\u015bli u\u017cytkownik kwestionuje dok\u0142adno\u015b\u0107 przechowywanych przez nas jego danych osobowych, zwykle potrzebujemy czasu, aby to sprawdzi\u0107. Na czas trwania przegl\u0105du u\u017cytkownik ma prawo za\u017c\u0105da\u0107 ograniczenia przetwarzania jego danych osobowych.<\/li> <li>Je\u015bli przetwarzanie danych osobowych u\u017cytkownika by\u0142o\/jest niezgodne z prawem, u\u017cytkownik mo\u017ce za\u017c\u0105da\u0107 ograniczenia przetwarzania danych zamiast ich usuni\u0119cia.<\/li> <li>Je\u015bli nie potrzebujemy ju\u017c danych osobowych u\u017cytkownika, ale s\u0105 one potrzebne do wykonania, obrony lub dochodzenia roszcze\u0144 prawnych, u\u017cytkownik ma prawo za\u017c\u0105da\u0107 ograniczenia przetwarzania swoich danych osobowych zamiast ich usuni\u0119cia.<\/li> <li>W przypadku wniesienia sprzeciwu zgodnie z art. 21 ust. 1 RODO, nale\u017cy zachowa\u0107 r\u00f3wnowag\u0119 mi\u0119dzy interesami u\u017cytkownika a naszymi. Dop\u00f3ki nie zostanie ustalone, czyje interesy przewa\u017caj\u0105, u\u017cytkownik ma prawo \u017c\u0105da\u0107 ograniczenia przetwarzania jego danych osobowych.<\/li> <\/ul> <p>Je\u015bli u\u017cytkownik ograniczy\u0142 przetwarzanie swoich danych osobowych, dane te &#8211; poza ich przechowywaniem &#8211; mog\u0105 by\u0107 przetwarzane wy\u0142\u0105cznie za jego zgod\u0105 lub w celu ustalenia, dochodzenia lub obrony roszcze\u0144, lub w celu ochrony praw innej osoby fizycznej lub prawnej, lub z uwagi na wa\u017cny interes publiczny Unii Europejskiej lub pa\u0144stwa cz\u0142onkowskiego.<\/p>\n<h4>Szyfrowanie SSL lub TLS<\/h4> <p>Ta witryna wykorzystuje szyfrowanie SSL lub TLS ze wzgl\u0119d\u00f3w bezpiecze\u0144stwa i w celu ochrony transmisji poufnych tre\u015bci, takich jak zam\u00f3wienia lub zapytania wysy\u0142ane do nas jako operatora witryny. Po\u0142\u0105czenie szyfrowane mo\u017cna rozpozna\u0107 po tym, \u017ce wiersz adresu przegl\u0105darki zmienia si\u0119 z &#8222;http:\/\/&#8221; na &#8222;https:\/\/&#8221; oraz po symbolu k\u0142\u00f3dki w wierszu przegl\u0105darki.<\/p> <p>Je\u015bli szyfrowanie SSL lub TLS jest w\u0142\u0105czone, dane przesy\u0142ane do nas nie mog\u0105 by\u0107 odczytane przez osoby trzecie.<\/p>\n<h4>Sprzeciw wobec reklamowych wiadomo\u015bci e-mail<\/h4> <p>Niniejszym sprzeciwiamy si\u0119 wykorzystywaniu danych kontaktowych opublikowanych w kontek\u015bcie obowi\u0105zku nadruku do wysy\u0142ania niezam\u00f3wionych materia\u0142\u00f3w reklamowych i informacyjnych. Operatorzy tej witryny wyra\u017anie zastrzegaj\u0105 sobie prawo do podj\u0119cia krok\u00f3w prawnych w przypadku niezam\u00f3wionego wysy\u0142ania informacji reklamowych, takich jak spam.<\/p>\n<h3>4. gromadzenie danych na tej stronie internetowej<\/h3>\n<h4>Pliki cookie<\/h4> <p>Nasze strony internetowe wykorzystuj\u0105 tzw. pliki cookie. Pliki cookie to niewielkie pakiety danych, kt\u00f3re nie powoduj\u0105 \u017cadnych szk\u00f3d w urz\u0105dzeniu ko\u0144cowym u\u017cytkownika. S\u0105 one przechowywane tymczasowo na czas trwania sesji (sesyjne pliki cookie) lub na sta\u0142e (sta\u0142e pliki cookie) na urz\u0105dzeniu ko\u0144cowym u\u017cytkownika. Sesyjne pliki cookie s\u0105 automatycznie usuwane po zako\u0144czeniu wizyty. Sta\u0142e pliki cookie s\u0105 przechowywane na urz\u0105dzeniu ko\u0144cowym u\u017cytkownika do momentu ich usuni\u0119cia przez u\u017cytkownika lub automatycznego usuni\u0119cia przez przegl\u0105dark\u0119 internetow\u0105.<\/p> <p>Pliki cookie mog\u0105 pochodzi\u0107 od nas (w\u0142asne pliki cookie) lub od firm zewn\u0119trznych (tzw. zewn\u0119trzne pliki cookie). Pliki cookie stron trzecich umo\u017cliwiaj\u0105 integracj\u0119 niekt\u00f3rych us\u0142ug firm zewn\u0119trznych w witrynach internetowych (np. pliki cookie do przetwarzania us\u0142ug p\u0142atniczych).<\/p> <p>Pliki cookie pe\u0142ni\u0105 r\u00f3\u017cne funkcje. Wiele plik\u00f3w cookie jest technicznie niezb\u0119dnych, poniewa\u017c niekt\u00f3re funkcje witryny nie dzia\u0142a\u0142yby bez nich (np. funkcja koszyka zakup\u00f3w lub wy\u015bwietlanie film\u00f3w). Inne pliki cookie mog\u0105 by\u0107 wykorzystywane do analizy zachowa\u0144 u\u017cytkownik\u00f3w lub do cel\u00f3w reklamowych.<\/p> <p>Pliki cookie, kt\u00f3re s\u0105 wymagane do przeprowadzenia procesu komunikacji elektronicznej, zapewnienia okre\u015blonych funkcji, o kt\u00f3re prosi\u0142 u\u017cytkownik (np. dla funkcji koszyka zakup\u00f3w) lub optymalizacji strony internetowej (np. pliki cookie do pomiaru ogl\u0105dalno\u015bci strony internetowej) (niezb\u0119dne pliki cookie) s\u0105 przechowywane na podstawie art. 6 ust. 1 lit. a RODO. 1 litr. f RODO, chyba \u017ce okre\u015blono inn\u0105 podstaw\u0119 prawn\u0105. Operator strony internetowej ma uzasadniony interes w przechowywaniu niezb\u0119dnych plik\u00f3w cookie w celu technicznie bezb\u0142\u0119dnego i zoptymalizowanego \u015bwiadczenia swoich us\u0142ug. Je\u015bli za\u017c\u0105dano zgody na przechowywanie plik\u00f3w cookie i por\u00f3wnywalnych technologii rozpoznawania, przetwarzanie odbywa si\u0119 wy\u0142\u0105cznie na podstawie tej zgody (art. 6 ust. 1 lit. a RODO i \u00a7 25 ust. 1 RODO); zgoda mo\u017ce zosta\u0107 odwo\u0142ana w dowolnym momencie.<\/p> <p>U\u017cytkownik mo\u017ce ustawi\u0107 swoj\u0105 przegl\u0105dark\u0119 w taki spos\u00f3b, aby by\u0142 informowany o ustawieniach plik\u00f3w cookie i zezwala\u0142 na pliki cookie tylko w indywidualnych przypadkach, wyklucza\u0142 akceptacj\u0119 plik\u00f3w cookie w okre\u015blonych przypadkach lub og\u00f3lnie oraz aktywowa\u0142 automatyczne usuwanie plik\u00f3w cookie po zamkni\u0119ciu przegl\u0105darki. Je\u015bli pliki cookie zostan\u0105 wy\u0142\u0105czone, funkcjonalno\u015b\u0107 tej witryny mo\u017ce by\u0107 ograniczona.<\/p> <p>Informacje o tym, kt\u00f3re pliki cookie i us\u0142ugi s\u0105 u\u017cywane w tej witrynie, mo\u017cna znale\u017a\u0107 w niniejszej polityce prywatno\u015bci.<\/p>\n<h4>Baner z prawdziwymi ciasteczkami<\/h4> <p>Nasza strona internetowa korzysta z technologii zgody Real Cookie Banner w celu uzyskania zgody u\u017cytkownika na przechowywanie okre\u015blonych plik\u00f3w cookie na urz\u0105dzeniu ko\u0144cowym lub na korzystanie z okre\u015blonych technologii oraz w celu udokumentowania tego zgodnie z przepisami o ochronie danych. Dostawc\u0105 tej technologii jest devowl.io GmbH, Tannet 12, 94539 Grafling (zwana dalej &#8222;Real Cookie Banner&#8221;).<\/p> <p>Real Cookie Banner jest instalowany lokalnie na naszych serwerach, wi\u0119c nie jest nawi\u0105zywane \u017cadne po\u0142\u0105czenie z serwerami dostawcy Real Cookie Banner. Real Cookie Banner przechowuje plik cookie w przegl\u0105darce u\u017cytkownika, aby m\u00f3c przypisa\u0107 udzielone zgody lub je odwo\u0142a\u0107. Dane zebrane w ten spos\u00f3b s\u0105 przechowywane do momentu, gdy u\u017cytkownik poprosi nas o ich usuni\u0119cie, sam usunie plik cookie banera Real Cookie lub gdy cel przechowywania danych przestanie obowi\u0105zywa\u0107. Obowi\u0105zkowe ustawowe obowi\u0105zki przechowywania pozostaj\u0105 nienaruszone.<\/p> <p>Real Cookie Banner s\u0142u\u017cy do uzyskiwania wymaganej prawem zgody na korzystanie z plik\u00f3w cookie. Podstaw\u0105 prawn\u0105 jest art. 6 ust. 1 litr. c RODO.<\/p>\n\n<h4>Pliki dziennika serwera<\/h4> <p>Dostawca stron automatycznie gromadzi i przechowuje informacje w tak zwanych plikach dziennika serwera, kt\u00f3re przegl\u0105darka u\u017cytkownika automatycznie przesy\u0142a do nas. S\u0105 to:<\/p> <ul> <li>Typ i wersja przegl\u0105darki<\/li> <li>U\u017cywany system operacyjny<\/li> <li>Adres URL strony odsy\u0142aj\u0105cej<\/li> <li>Nazwa hosta komputera uzyskuj\u0105cego dost\u0119p<\/li> <li>Czas \u017c\u0105dania serwera<\/li> <li>Adres IP<\/li> <\/ul> <p>Dane te nie s\u0105 \u0142\u0105czone z innymi \u017ar\u00f3d\u0142ami danych.<\/p> <p>Dane te s\u0105 gromadzone na podstawie art. 6 ust. 1 litr. f RODO. Operator strony internetowej ma uzasadniony interes w technicznie bezb\u0142\u0119dnej prezentacji i optymalizacji swojej strony internetowej &#8211; w tym celu pliki dziennika serwera musz\u0105 by\u0107 rejestrowane.<\/p>\n<h4>Formularz kontaktowy<\/h4> <p>Je\u015bli u\u017cytkownik prze\u015ble nam zapytanie za po\u015brednictwem formularza kontaktowego, jego dane z formularza zapytania, w tym podane tam dane kontaktowe, b\u0119d\u0105 przechowywane przez nas w celu przetworzenia zapytania oraz w przypadku dalszych pyta\u0144. Nie przekazujemy tych danych bez zgody u\u017cytkownika.<\/p> <p>Dane te s\u0105 przetwarzane na podstawie art. 6 ust. 1 litr. b RODO, o ile zapytanie u\u017cytkownika jest zwi\u0105zane z realizacj\u0105 umowy lub jest niezb\u0119dne do wdro\u017cenia \u015brodk\u00f3w przedumownych. We wszystkich innych przypadkach przetwarzanie odbywa si\u0119 na podstawie naszego uzasadnionego interesu w skutecznym przetwarzaniu kierowanych do nas zapyta\u0144 (art. 6 ust. 1 lit. f RODO) lub na podstawie zgody u\u017cytkownika (art. 6 ust. 1 lit. a RODO), je\u015bli zosta\u0142a ona udzielona; zgoda mo\u017ce zosta\u0107 odwo\u0142ana w dowolnym momencie.<\/p> <p>B\u0119dziemy przechowywa\u0107 dane podane przez u\u017cytkownika w formularzu kontaktowym, dop\u00f3ki nie za\u017c\u0105da on ich usuni\u0119cia, nie cofnie zgody na ich przechowywanie lub nie ustanie cel ich przechowywania (np. po spe\u0142nieniu \u017c\u0105dania u\u017cytkownika). Obowi\u0105zkowe przepisy ustawowe &#8211; w szczeg\u00f3lno\u015bci okresy przechowywania &#8211; pozostaj\u0105 nienaruszone.<\/p>\n<h4>Zapytanie przez e-mail, telefon lub faks<\/h4> <p>Je\u015bli u\u017cytkownik skontaktuje si\u0119 z nami za po\u015brednictwem poczty elektronicznej, telefonu lub faksu, jego zapytanie, w tym wszystkie dane osobowe (imi\u0119 i nazwisko, zapytanie), b\u0119d\u0105 przechowywane i przetwarzane przez nas w celu przetworzenia zapytania u\u017cytkownika. Nie przekazujemy tych danych bez zgody u\u017cytkownika.<\/p> <p>Dane te s\u0105 przetwarzane na podstawie art. 6 ust. 1 litr. b RODO, o ile zapytanie u\u017cytkownika jest zwi\u0105zane z realizacj\u0105 umowy lub jest niezb\u0119dne do wdro\u017cenia \u015brodk\u00f3w przedumownych. We wszystkich innych przypadkach przetwarzanie odbywa si\u0119 na podstawie naszego uzasadnionego interesu w skutecznym przetwarzaniu kierowanych do nas zapyta\u0144 (art. 6 ust. 1 lit. f RODO) lub na podstawie zgody u\u017cytkownika (art. 6 ust. 1 lit. a RODO), je\u015bli zosta\u0142a ona udzielona; zgoda mo\u017ce zosta\u0107 odwo\u0142ana w dowolnym momencie.<\/p> <p>Dane przes\u0142ane do nas za po\u015brednictwem pr\u00f3\u015bb o kontakt pozostan\u0105 u nas do czasu, gdy poprosisz nas o ich usuni\u0119cie, cofniesz zgod\u0119 na przechowywanie lub cel przechowywania danych przestanie obowi\u0105zywa\u0107 (np. po przetworzeniu Twojej pro\u015bby). Obowi\u0105zkowe przepisy ustawowe &#8211; w szczeg\u00f3lno\u015bci ustawowe okresy przechowywania &#8211; pozostaj\u0105 nienaruszone.<\/p>\n<h3>5. narz\u0119dzia analityczne i reklama<\/h3>\n<h4>Google Analytics<\/h4> <p>Ta strona internetowa korzysta z funkcji us\u0142ugi analizy internetowej Google Analytics. Dostawc\u0105 jest Google Ireland Limited (&#8222;Google&#8221;), Gordon House, Barrow Street, Dublin 4, Irlandia.<\/p> <p>Google Analytics umo\u017cliwia operatorowi witryny analiz\u0119 zachowa\u0144 odwiedzaj\u0105cych witryn\u0119. W tym celu operator witryny otrzymuje r\u00f3\u017cne dane dotycz\u0105ce u\u017cytkowania, takie jak ods\u0142ony strony, d\u0142ugo\u015b\u0107 wizyty, u\u017cywane systemy operacyjne i pochodzenie u\u017cytkownika. Dane te s\u0105 przypisywane do urz\u0105dzenia ko\u0144cowego u\u017cytkownika. Nie s\u0105 one przypisywane do identyfikatora u\u017cytkownika.   <\/p> <p>Mo\u017cemy r\u00f3wnie\u017c u\u017cywa\u0107 Google Analytics do rejestrowania ruch\u00f3w myszy i przewijania oraz klikni\u0119\u0107, mi\u0119dzy innymi. Google Analytics wykorzystuje r\u00f3wnie\u017c r\u00f3\u017cne podej\u015bcia do modelowania w celu uzupe\u0142nienia zarejestrowanych rekord\u00f3w danych i wykorzystuje technologie uczenia maszynowego do analizy danych. <\/p>\n <p>Google Analytics wykorzystuje technologie umo\u017cliwiaj\u0105ce rozpoznanie u\u017cytkownika w celu analizy jego zachowania (np. pliki cookie lub odciski palc\u00f3w urz\u0105dze\u0144). Informacje zebrane przez Google na temat korzystania z tej strony internetowej s\u0105 zazwyczaj przesy\u0142ane na serwer Google w USA i tam przechowywane. <\/p> <p>Korzystanie z tej us\u0142ugi odbywa si\u0119 na podstawie zgody u\u017cytkownika zgodnie z art. 6 ust. 1 litr. a RODO i \u00a7 25 ust. 1 TDDG. Zgoda mo\u017ce zosta\u0107 cofni\u0119ta w dowolnym momencie.<\/p> <p>Przekazywanie danych do USA odbywa si\u0119 na podstawie standardowych klauzul umownych Komisji Europejskiej. Szczeg\u00f3\u0142y mo\u017cna znale\u017a\u0107 tutaj: <a href=\"https:\/\/privacy.google.com\/businesses\/controllerterms\/mccs\/\" target=\"_blank\" rel=\"noopener noreferrer\">https:\/\/privacy.google.com\/businesses\/controllerterms\/mccs\/.<\/a><\/p> <p>Firma jest certyfikowana zgodnie z &#8222;Ramami prywatno\u015bci danych UE-USA&#8221; (DPF). DPF to umowa mi\u0119dzy Uni\u0105 Europejsk\u0105 a USA, kt\u00f3ra ma na celu zapewnienie zgodno\u015bci z europejskimi standardami ochrony danych w zakresie przetwarzania danych w USA. Ka\u017cda firma posiadaj\u0105ca certyfikat DPF zobowi\u0105zuje si\u0119 do przestrzegania tych standard\u00f3w ochrony danych. Wi\u0119cej informacji na ten temat mo\u017cna uzyska\u0107 od dostawcy pod nast\u0119puj\u0105cym linkiem: <a href=\"https:\/\/www.dataprivacyframework.gov\/participant\/5780\" target=\"_blank\" rel=\"noopener noreferrer\">https:\/\/www.dataprivacyframework.gov\/participant\/5780.<\/a><\/p>\n<h5>Anonimizacja adres\u00f3w IP<\/h5> <p>Anonimizacja IP Google Analytics jest aktywna. W rezultacie adres IP u\u017cytkownika zostanie skr\u00f3cony przez Google w pa\u0144stwach cz\u0142onkowskich Unii Europejskiej lub w innych pa\u0144stwach-sygnatariuszach Porozumienia o Europejskim Obszarze Gospodarczym, zanim zostanie przes\u0142any do USA. Tylko w wyj\u0105tkowych przypadkach pe\u0142ny adres IP zostanie przes\u0142any na serwer Google w USA i tam skr\u00f3cony. W imieniu operatora tej witryny Google wykorzysta te informacje do analizy korzystania z witryny przez u\u017cytkownika, tworzenia raport\u00f3w dotycz\u0105cych aktywno\u015bci na stronie oraz \u015bwiadczenia operatorowi witryny innych us\u0142ug zwi\u0105zanych z aktywno\u015bci\u0105 na stronie i korzystaniem z Internetu. Adres IP przes\u0142any przez przegl\u0105dark\u0119 u\u017cytkownika w ramach Google Analytics nie zostanie po\u0142\u0105czony z innymi danymi Google.    <\/p>\n <h5>Wtyczka przegl\u0105darki<\/h5> <p>U\u017cytkownik mo\u017ce zapobiec gromadzeniu i przetwarzaniu jego danych przez Google, pobieraj\u0105c i instaluj\u0105c wtyczk\u0119 do przegl\u0105darki dost\u0119pn\u0105 pod nast\u0119puj\u0105cym linkiem: <a href=\"https:\/\/tools.google.com\/dlpage\/gaoptout?hl=de\" target=\"_blank\" rel=\"noopener noreferrer\">https:\/\/tools.google.com\/dlpage\/gaoptout?hl=de<\/a>.<\/p> <p>Wi\u0119cej informacji na temat sposobu przetwarzania danych u\u017cytkownika przez Google Analytics mo\u017cna znale\u017a\u0107 w polityce prywatno\u015bci Google: <a href=\"https:\/\/support.google.com\/analytics\/answer\/6004245?hl=de\" target=\"_blank\" rel=\"noopener noreferrer\">https:\/\/support.google.com\/analytics\/answer\/6004245?hl=de.<\/a><\/p><h5>Przetwarzanie zam\u00f3wie\u0144<\/h5> <p>Zawarli\u015bmy z Google umow\u0119 o przetwarzanie zam\u00f3wie\u0144 i w pe\u0142ni wdra\u017camy surowe wymagania niemieckich organ\u00f3w ochrony danych podczas korzystania z Google Analytics.<\/p>\n<h3>6. biuletyn informacyjny<\/h3>\n<h4>Dane biuletynu<\/h4> <p>Je\u015bli u\u017cytkownik chce otrzymywa\u0107 biuletyn oferowany na stronie internetowej, wymagamy podania adresu e-mail oraz informacji, kt\u00f3re pozwol\u0105 nam zweryfikowa\u0107, czy u\u017cytkownik jest w\u0142a\u015bcicielem podanego adresu e-mail i czy wyra\u017ca zgod\u0119 na otrzymywanie biuletynu. Dalsze dane nie s\u0105 gromadzone lub s\u0105 gromadzone wy\u0142\u0105cznie na zasadzie dobrowolno\u015bci. U\u017cywamy tych danych wy\u0142\u0105cznie do wysy\u0142ania \u017c\u0105danych informacji i nie przekazujemy ich stronom trzecim.<\/p> <p>Dane wprowadzone w formularzu rejestracji do newslettera s\u0105 przetwarzane wy\u0142\u0105cznie na podstawie zgody u\u017cytkownika (art. 6 ust. 1 lit. a RODO). U\u017cytkownik mo\u017ce odwo\u0142a\u0107 swoj\u0105 zgod\u0119 na przechowywanie danych, adresu e-mail i jego wykorzystanie do wysy\u0142ania newslettera w dowolnym momencie, na przyk\u0142ad za pomoc\u0105 linku &#8222;anuluj subskrypcj\u0119&#8221; w newsletterze. Anulowanie nie ma wp\u0142ywu na zgodno\u015b\u0107 z prawem ju\u017c przeprowadzonych operacji przetwarzania danych.<\/p> <p>Dane przekazane nam przez u\u017cytkownika w celu subskrypcji biuletynu b\u0119d\u0105 przechowywane przez nas lub dostawc\u0119 us\u0142ugi biuletynu do momentu rezygnacji z subskrypcji biuletynu i zostan\u0105 usuni\u0119te z listy dystrybucyjnej biuletynu po rezygnacji z subskrypcji biuletynu lub po ustaniu celu. Zastrzegamy sobie prawo do usuni\u0119cia adres\u00f3w e-mail z naszej listy dystrybucyjnej newslettera wed\u0142ug w\u0142asnego uznania w ramach naszego uzasadnionego interesu zgodnie z art. 6 ust. 1 lit. a) RODO. 1 litr. f RODO w celu usuni\u0119cia lub zablokowania danych u\u017cytkownika.<\/p> <p>Nie ma to wp\u0142ywu na dane przechowywane przez nas w innych celach.<\/p> <p>Po wypisaniu si\u0119 z listy dystrybucyjnej biuletynu adres e-mail u\u017cytkownika mo\u017ce zosta\u0107 zapisany przez nas lub dostawc\u0119 us\u0142ugi biuletynu na czarnej li\u015bcie, je\u015bli jest to konieczne w celu uniemo\u017cliwienia przysz\u0142ych wysy\u0142ek. Dane z czarnej listy s\u0105 wykorzystywane wy\u0142\u0105cznie w tym celu i nie s\u0105 \u0142\u0105czone z innymi danymi. S\u0142u\u017cy to zar\u00f3wno interesowi u\u017cytkownika, jak i naszemu interesowi w przestrzeganiu wymog\u00f3w prawnych przy wysy\u0142aniu newsletter\u00f3w (uzasadniony interes w rozumieniu art. 6 ust. 1 lit. f RODO). Przechowywanie na czarnej li\u015bcie nie jest ograniczone czasowo.  <strong>U\u017cytkownik mo\u017ce sprzeciwi\u0107 si\u0119 przechowywaniu danych, je\u015bli jego interesy przewa\u017caj\u0105 nad naszym uzasadnionym interesem.<\/strong><\/p>\n<h3>7. wtyczki i narz\u0119dzia<\/h3>\n<h4>Adobe Fonts<\/h4> <p>Niniejsza witryna internetowa wykorzystuje czcionki internetowe firmy Adobe do standardowego wy\u015bwietlania niekt\u00f3rych czcionek. Dostawc\u0105 jest Adobe Systems Incorporated, 345 Park Avenue, San Jose, CA 95110-2704, USA (Adobe).<\/p> <p>Gdy u\u017cytkownik uzyskuje dost\u0119p do tej witryny, jego przegl\u0105darka \u0142aduje wymagane czcionki bezpo\u015brednio od Adobe, aby poprawnie wy\u015bwietli\u0107 je na urz\u0105dzeniu. Przegl\u0105darka nawi\u0105zuje po\u0142\u0105czenie z serwerami Adobe w USA. W rezultacie Adobe dowiaduje si\u0119, \u017ce dost\u0119p do tej witryny uzyskano za po\u015brednictwem adresu IP u\u017cytkownika. Wed\u0142ug Adobe \u017cadne pliki cookie nie s\u0105 przechowywane podczas dostarczania czcionek.<\/p> <p>Dane s\u0105 przechowywane i analizowane na podstawie art. 6 ust. 1 litr. f RODO. Operator strony internetowej ma uzasadniony interes w jednolitej prezentacji kroju pisma na swojej stronie internetowej. Je\u015bli za\u017c\u0105dano odpowiedniej zgody, przetwarzanie odbywa si\u0119 wy\u0142\u0105cznie na podstawie art. 6 ust. 1 lit. a) RODO. 1 litr. a RODO i \u00a7 25 ust. 1 RODO, o ile zgoda obejmuje przechowywanie plik\u00f3w cookie lub dost\u0119p do informacji w urz\u0105dzeniu ko\u0144cowym u\u017cytkownika (np. pobieranie odcisk\u00f3w palc\u00f3w urz\u0105dzenia) w rozumieniu RODO. Zgoda mo\u017ce zosta\u0107 cofni\u0119ta w dowolnym momencie.<\/p> <p>Przekazywanie danych do USA odbywa si\u0119 na podstawie standardowych klauzul umownych Komisji Europejskiej. Szczeg\u00f3\u0142y mo\u017cna znale\u017a\u0107 tutaj: <a href=\"https:\/\/www.adobe.com\/de\/privacy\/eudatatransfers.html\" target=\"_blank\" rel=\"noopener noreferrer\">https:\/\/www.adobe.com\/de\/privacy\/eudatatransfers.html<\/a>.<\/p> <p>Wi\u0119cej informacji na temat czcionek Adobe Fonts mo\u017cna znale\u017a\u0107 na stronie: <a href=\"https:\/\/www.adobe.com\/de\/privacy\/policies\/adobe-fonts.html\" target=\"_blank\" rel=\"noopener noreferrer\">https:\/\/www.adobe.com\/de\/privacy\/policies\/adobe-fonts.html<\/a>.<\/p> <p>Polityk\u0119 prywatno\u015bci Adobe mo\u017cna znale\u017a\u0107 pod adresem: <a href=\"https:\/\/www.adobe.com\/de\/privacy\/policy.html\" target=\"_blank\" rel=\"noopener noreferrer\">https:\/\/www.adobe.com\/de\/privacy\/policy.html<\/a><\/p>\n<p>Firma jest certyfikowana zgodnie z &#8222;Ramami prywatno\u015bci danych UE-USA&#8221; (DPF). DPF to umowa mi\u0119dzy Uni\u0105 Europejsk\u0105 a USA, kt\u00f3ra ma na celu zapewnienie zgodno\u015bci z europejskimi standardami ochrony danych w zakresie przetwarzania danych w USA. Ka\u017cda firma posiadaj\u0105ca certyfikat DPF zobowi\u0105zuje si\u0119 do przestrzegania tych standard\u00f3w ochrony danych. Wi\u0119cej informacji na ten temat mo\u017cna uzyska\u0107 od dostawcy pod nast\u0119puj\u0105cym linkiem: <a href=\"https:\/\/www.dataprivacyframework.gov\/participant\/5660\" target=\"_blank\" rel=\"noopener noreferrer\">https:\/\/www.dataprivacyframework.gov\/participant\/5660.<\/a><\/p>\n<h4>Google reCAPTCHA<\/h4> <p>Na tej stronie u\u017cywamy &#8222;Google reCAPTCHA&#8221; (zwanego dalej &#8222;reCAPTCHA&#8221;). Dostawc\u0105 jest Google Ireland Limited (&#8222;Google&#8221;), Gordon House, Barrow Street, Dublin 4, Irlandia.<\/p> <p>Celem reCAPTCHA jest sprawdzenie, czy dane wprowadzane na tej stronie internetowej (np. w formularzu kontaktowym) s\u0105 wprowadzane przez cz\u0142owieka, czy przez zautomatyzowany program. W tym celu reCAPTCHA analizuje zachowanie odwiedzaj\u0105cego witryn\u0119 na podstawie r\u00f3\u017cnych cech. Analiza ta rozpoczyna si\u0119 automatycznie, gdy tylko odwiedzaj\u0105cy wejdzie na stron\u0119 internetow\u0105. Aby to przeanalizowa\u0107, reCAPTCHA ocenia r\u00f3\u017cne informacje (np. adres IP, czas sp\u0119dzony na stronie internetowej przez odwiedzaj\u0105cego lub ruchy myszy wykonane przez u\u017cytkownika). Dane zebrane podczas analizy s\u0105 przekazywane do Google.<\/p> <p>Analizy reCAPTCHA dzia\u0142aj\u0105 ca\u0142kowicie w tle. Odwiedzaj\u0105cy witryn\u0119 nie s\u0105 informowani o tym, \u017ce przeprowadzana jest analiza.<\/p> <p>Dane s\u0105 przechowywane i analizowane na podstawie art. 6 ust. 1 litr. f RODO. Operator strony internetowej ma uzasadniony interes w ochronie swojej strony internetowej przed niew\u0142a\u015bciwym zautomatyzowanym szpiegowaniem i spamem. Je\u015bli za\u017c\u0105dano odpowiedniej zgody, przetwarzanie odbywa si\u0119 wy\u0142\u0105cznie na podstawie art. 6 ust. 1 lit. a) RODO. 1 litr. a RODO i \u00a7 25 ust. 1 RODO, o ile zgoda obejmuje przechowywanie plik\u00f3w cookie lub dost\u0119p do informacji w urz\u0105dzeniu ko\u0144cowym u\u017cytkownika (np. pobieranie odcisk\u00f3w palc\u00f3w urz\u0105dzenia) w rozumieniu RODO. Zgoda mo\u017ce zosta\u0107 cofni\u0119ta w dowolnym momencie.<\/p> <p>Wi\u0119cej informacji na temat Google reCAPTCHA mo\u017cna znale\u017a\u0107 w Polityce prywatno\u015bci Google i Warunkach u\u017cytkowania Google pod nast\u0119puj\u0105cymi linkami: <a href=\"https:\/\/policies.google.com\/privacy?hl=de\" target=\"_blank\" rel=\"noopener noreferrer\">https:\/\/policies.google.com\/privacy?hl=de i<\/a> https:\/\/poli <a href=\"https:\/\/policies.google.com\/terms?hl=de\" target=\"_blank\" rel=\"noopener noreferrer\">cies.google.com\/terms?hl=de<\/a>.<\/p>\n<p>Firma jest certyfikowana zgodnie z &#8222;Ramami prywatno\u015bci danych UE-USA&#8221; (DPF). DPF to umowa mi\u0119dzy Uni\u0105 Europejsk\u0105 a USA, kt\u00f3ra ma na celu zapewnienie zgodno\u015bci z europejskimi standardami ochrony danych w zakresie przetwarzania danych w USA. Ka\u017cda firma posiadaj\u0105ca certyfikat DPF zobowi\u0105zuje si\u0119 do przestrzegania tych standard\u00f3w ochrony danych. Wi\u0119cej informacji na ten temat mo\u017cna uzyska\u0107 od dostawcy pod nast\u0119puj\u0105cym linkiem: <a href=\"https:\/\/www.dataprivacyframework.gov\/participant\/5780\" target=\"_blank\" rel=\"noopener noreferrer\">https:\/\/www.dataprivacyframework.gov\/participant\/5780.<\/a><\/p>\n<h3>8. us\u0142ugi w\u0142asne<\/h3>\n<h4>Obs\u0142uga danych kandydat\u00f3w<\/h4> <p>Oferujemy mo\u017cliwo\u015b\u0107 zg\u0142oszenia si\u0119 do nas (np. za po\u015brednictwem poczty elektronicznej, poczty tradycyjnej lub formularza zg\u0142oszeniowego online). Poni\u017cej informujemy o zakresie, celu i sposobie wykorzystania danych osobowych gromadzonych w ramach procesu aplikacyjnego. Zapewniamy, \u017ce gromadzenie, przetwarzanie i wykorzystywanie danych u\u017cytkownika odbywa si\u0119 zgodnie z obowi\u0105zuj\u0105cym prawem o ochronie danych i wszystkimi innymi przepisami ustawowymi oraz \u017ce dane u\u017cytkownika b\u0119d\u0105 traktowane z zachowaniem \u015bcis\u0142ej poufno\u015bci.<\/p> <h5>Zakres i cel gromadzenia danych  <\/h5> <p>Je\u015bli u\u017cytkownik prze\u015ble nam swoj\u0105 aplikacj\u0119, przetwarzamy powi\u0105zane z ni\u0105 dane osobowe (np. dane kontaktowe i komunikacyjne, dokumenty aplikacyjne, notatki z rozm\u00f3w kwalifikacyjnych itp. Podstaw\u0105 prawn\u0105 jest \u00a7 26 BDSG zgodnie z prawem niemieckim (nawi\u0105zanie stosunku pracy), art. 6 ust. 1 lit. b RODO (og\u00f3lne nawi\u0105zanie umowy) oraz &#8211; je\u015bli u\u017cytkownik wyrazi\u0142 na to zgod\u0119 &#8211; art. 6 ust. 1 lit. a RODO. Zgoda mo\u017ce zosta\u0107 cofni\u0119ta w dowolnym momencie. Dane osobowe u\u017cytkownika b\u0119d\u0105 przekazywane w ramach naszej firmy wy\u0142\u0105cznie osobom zaanga\u017cowanym w przetwarzanie aplikacji u\u017cytkownika.<\/p> <p>Je\u015bli wniosek zostanie rozpatrzony pozytywnie, dane przes\u0142ane przez u\u017cytkownika b\u0119d\u0105 przetwarzane na podstawie \u00a7 26 BDSG i art. 6 ust. 6. 1 litr. b RODO w celu realizacji stosunku pracy w naszych systemach przetwarzania danych.<\/p> <h5>Okres przechowywania danych<\/h5> <p>Je\u015bli nie b\u0119dziemy w stanie przedstawi\u0107 Ci oferty pracy, odrzucisz ofert\u0119 pracy lub wycofasz swoj\u0105 aplikacj\u0119, zastrzegamy sobie prawo do przechowywania przes\u0142anych przez Ciebie danych na podstawie naszych uzasadnionych interes\u00f3w (art. 6 ust. 1 lit. f RODO) przez okres do 6 miesi\u0119cy od zako\u0144czenia procesu aplikacyjnego (odrzucenia lub wycofania aplikacji). Dane s\u0105 nast\u0119pnie usuwane, a fizyczne dokumenty aplikacji niszczone. Przechowywanie s\u0142u\u017cy w szczeg\u00f3lno\u015bci jako dow\u00f3d w przypadku sporu prawnego. Je\u015bli jest oczywiste, \u017ce dane b\u0119d\u0105 potrzebne po up\u0142ywie 6-miesi\u0119cznego okresu (np. z powodu zbli\u017caj\u0105cego si\u0119 lub tocz\u0105cego si\u0119 sporu prawnego), dane zostan\u0105 usuni\u0119te tylko wtedy, gdy cel dalszego przechowywania nie b\u0119dzie ju\u017c mia\u0142 zastosowania.<\/p> <p>Dane mog\u0105 by\u0107 r\u00f3wnie\u017c przechowywane d\u0142u\u017cej, je\u015bli u\u017cytkownik wyrazi\u0142 na to zgod\u0119 (art. 6 ust. 1 lit. a RODO) lub je\u015bli ustawowe obowi\u0105zki przechowywania uniemo\u017cliwiaj\u0105 ich usuni\u0119cie.<\/p>\t\t\t\t\t\t\t\t<\/div>\n\t\t\t\t<\/div>\n\t\t\t\t<div class=\"elementor-element elementor-element-c19871f elementor-widget elementor-widget-spacer\" data-id=\"c19871f\" data-element_type=\"widget\" data-e-type=\"widget\" data-widget_type=\"spacer.default\">\n\t\t\t\t<div class=\"elementor-widget-container\">\n\t\t\t\t\t\t\t<div class=\"elementor-spacer\">\n\t\t\t<div class=\"elementor-spacer-inner\"><\/div>\n\t\t<\/div>\n\t\t\t\t\t\t<\/div>\n\t\t\t\t<\/div>\n\t\t\t\t<\/div>\n\t\t\t\t\t<\/details>\n\t\t\t\t\t\t<details id=\"e-n-accordion-item-8663\" class=\"e-n-accordion-item\" >\n\t\t\t\t<summary class=\"e-n-accordion-item-title\" data-accordion-index=\"4\" tabindex=\"-1\" aria-expanded=\"false\" aria-controls=\"e-n-accordion-item-8663\" >\n\t\t\t\t\t<span class='e-n-accordion-item-title-header'><div class=\"e-n-accordion-item-title-text\"> C - Partner biznesowy <\/div><\/span>\n\t\t\t\t\t\t\t<span class='e-n-accordion-item-title-icon'>\n\t\t\t<span class='e-opened' ><svg aria-hidden=\"true\" class=\"e-font-icon-svg e-fas-arrow-up\" viewBox=\"0 0 448 512\" xmlns=\"http:\/\/www.w3.org\/2000\/svg\"><path d=\"M34.9 289.5l-22.2-22.2c-9.4-9.4-9.4-24.6 0-33.9L207 39c9.4-9.4 24.6-9.4 33.9 0l194.3 194.3c9.4 9.4 9.4 24.6 0 33.9L413 289.4c-9.5 9.5-25 9.3-34.3-.4L264 168.6V456c0 13.3-10.7 24-24 24h-32c-13.3 0-24-10.7-24-24V168.6L69.2 289.1c-9.3 9.8-24.8 10-34.3.4z\"><\/path><\/svg><\/span>\n\t\t\t<span class='e-closed'><svg aria-hidden=\"true\" class=\"e-font-icon-svg e-fas-arrow-down\" viewBox=\"0 0 448 512\" xmlns=\"http:\/\/www.w3.org\/2000\/svg\"><path d=\"M413.1 222.5l22.2 22.2c9.4 9.4 9.4 24.6 0 33.9L241 473c-9.4 9.4-24.6 9.4-33.9 0L12.7 278.6c-9.4-9.4-9.4-24.6 0-33.9l22.2-22.2c9.5-9.5 25-9.3 34.3.4L184 343.4V56c0-13.3 10.7-24 24-24h32c13.3 0 24 10.7 24 24v287.4l114.8-120.5c9.3-9.8 24.8-10 34.3-.4z\"><\/path><\/svg><\/span>\n\t\t<\/span>\n\n\t\t\t\t\t\t<\/summary>\n\t\t\t\t<div data-particle_enable=\"false\" data-particle-mobile-disabled=\"false\" role=\"region\" aria-labelledby=\"e-n-accordion-item-8663\" class=\"elementor-element elementor-element-47b9c24 e-flex e-con-boxed e-con e-child\" data-id=\"47b9c24\" data-element_type=\"container\" data-e-type=\"container\">\n\t\t\t\t\t<div class=\"e-con-inner\">\n\t\t\t\t<div class=\"elementor-element elementor-element-fb0f6dd elementor-widget elementor-widget-text-editor\" data-id=\"fb0f6dd\" data-element_type=\"widget\" data-e-type=\"widget\" data-widget_type=\"text-editor.default\">\n\t\t\t\t<div class=\"elementor-widget-container\">\n\t\t\t\t\t\t\t\t\t<h4>C.1. Wyja\u015bnienie<\/h4>\n\nW przypadku nawi\u0105zania relacji biznesowych z HGGS LaserCut GmbH &amp; Co KG jako klientem, us\u0142ugodawc\u0105, dostawc\u0105 lub podobnym partnerem (\u0142\u0105cznie: &#8222;partner biznesowy&#8221;), pozostawania z nami w bie\u017c\u0105cych relacjach biznesowych lub wcze\u015bniejszego pozostawania z nami w relacjach biznesowych (\u0142\u0105cznie: &#8222;wsp\u00f3\u0142praca&#8221;), dane osobowe u\u017cytkownika mog\u0105 by\u0107 przetwarzane. W zakresie, w jakim dotyczy to ju\u017c zawartych relacji biznesowych, czynno\u015bci przetwarzania odnosz\u0105 si\u0119 wy\u0142\u0105cznie do posiadanych przez nas danych osobowych.\n\n<h4>C.2. Jakie dane przetwarzamy?<\/h4>\n\nW ramach naszej wsp\u00f3\u0142pracy gromadzimy, przechowujemy i przetwarzamy nast\u0119puj\u0105ce kategorie danych osobowych:\n<ul>\n    <li><strong>&#8222;Dane kontaktowe&#8221;:<\/strong> Nazwisko i imi\u0119 partnera biznesowego oraz, w stosownych przypadkach, innej osoby kontaktowej, data urodzenia, adres (s\u0142u\u017cbowy), adres(y) e-mail (s\u0142u\u017cbowe), numer(y) telefonu, faksu i telefonu kom\u00f3rkowego (s\u0142u\u017cbowe).<\/li>\n    <li><strong>&#8222;Dane umowy&#8221;:<\/strong> numer konta umowy, numer klienta<\/li>\n    <li><strong>&#8222;Dane dotycz\u0105ce zdolno\u015bci kredytowej&#8221;:<\/strong> klasa ryzyka, wynik i prawdopodobie\u0144stwo niewykonania zobowi\u0105zania przez partnera biznesowego.<\/li>\n    <li><strong>&#8222;Dane dotycz\u0105ce p\u0142atno\u015bci&#8221;:<\/strong> Dane bankowe, nazwisko i imi\u0119 posiadacza rachunku, nazwisko, imi\u0119 i adres innego odbiorcy faktury<\/li>\n    <li><strong>&#8222;Dane produktu&#8221;:<\/strong> Prawdopodobnie nale\u017cy doda\u0107. Obejmuje to r\u00f3wnie\u017c rysunki techniczne produkt\u00f3w i dane jako\u015bciowe<\/li>\n<\/ul>\n<h4>C.3. W jakim celu i na jakiej podstawie prawnej (patrz A.4.) dane te s\u0105 przetwarzane?<\/h4>\n\nPrzetwarzamy dane osobowe okre\u015blone powy\u017cej zgodnie z postanowieniami RODO, innymi odpowiednimi przepisami o ochronie danych i tylko w niezb\u0119dnym zakresie. W zakresie, w jakim przetwarzanie danych osobowych odbywa si\u0119 na podstawie art. 6 ust. 1 litr. RODO, wy\u017cej wymienione cele stanowi\u0105 r\u00f3wnie\u017c nasze uzasadnione interesy.\n<ul>\n \t<li>Przetwarzanie danych kontaktowych i danych dotycz\u0105cych umowy s\u0142u\u017cy przede wszystkim planowaniu, zarz\u0105dzaniu i realizacji wsp\u00f3\u0142pracy z u\u017cytkownikiem; w szczeg\u00f3lno\u015bci zapewnia bezproblemow\u0105 komunikacj\u0119, wype\u0142nianie naszych zobowi\u0105za\u0144 wynikaj\u0105cych ze stosunku umownego z u\u017cytkownikiem oraz \u015bwiadczenie innych us\u0142ug (podstaw\u0105 prawn\u0105 jest art. 6 ust. 1 zdanie 1 lit. b i lit. f RODO).<\/li>\n \t<li>Przetwarzamy dane dotycz\u0105ce zdolno\u015bci kredytowej w celu oceny prawdopodobie\u0144stwa powodzenia wsp\u00f3\u0142pracy i ryzyka braku p\u0142atno\u015bci ze strony klienta (podstaw\u0105 prawn\u0105 jest art. 6 ust. 1 zdanie 1 lit. b i lit. f RODO).<\/li>\n \t<li>Przetwarzanie danych dotycz\u0105cych p\u0142atno\u015bci s\u0142u\u017cy rozliczaniu i pobieraniu p\u0142atno\u015bci, a tak\u017ce celom ksi\u0119gowym (podstaw\u0105 prawn\u0105 jest art. 6 ust. 1 zdanie 1 lit. f RODO).<\/li>\n \t<li>Dane produkt\u00f3w s\u0105 przetwarzane w celu dostarczenia u\u017cytkownikowi zam\u00f3wionych produkt\u00f3w i zagwarantowania jako\u015bci naszych us\u0142ug. Obejmuje to zarz\u0105dzanie zam\u00f3wieniami, realizacj\u0119 dostaw i zapewnienie obs\u0142ugi klienta. Przetwarzanie odbywa si\u0119 zgodnie z przepisami RODO i innymi odpowiednimi przepisami o ochronie danych i opiera si\u0119 na podstawach prawnych zgodnie z art. 6 ust. 1 lit. a) RODO. 1 litr. b i lit. f RODO.<\/li>\n<\/ul>\n<h4>C.4. Jak d\u0142ugo dane te b\u0119d\u0105 przetwarzane?<\/h4>\n\nDane u\u017cytkownika b\u0119d\u0105 przetwarzane tylko tak d\u0142ugo, jak jest to konieczne do osi\u0105gni\u0119cia wy\u017cej wymienionych cel\u00f3w przetwarzania lub do wype\u0142nienia ustawowych okres\u00f3w przechowywania; podstawy prawne okre\u015blone w kontek\u015bcie cel\u00f3w przetwarzania maj\u0105 odpowiednio zastosowanie. Dzia\u0142ania reklamowe nie b\u0119d\u0105 prowadzone przez okres d\u0142u\u017cszy ni\u017c 1,5 roku od zako\u0144czenia wsp\u00f3\u0142pracy.\n\nZaanga\u017cowane przez nas strony trzecie b\u0119d\u0105 przechowywa\u0107 dane u\u017cytkownika w swoich systemach tak d\u0142ugo, jak b\u0119dzie to konieczne w zwi\u0105zku ze \u015bwiadczeniem us\u0142ug na nasz\u0105 rzecz zgodnie z odpowiednim zam\u00f3wieniem.\n\nWi\u0119cej informacji na temat okresu przechowywania mo\u017cna znale\u017a\u0107 w punkcie A.5.\n\n<h4>C.5. Czy dane te s\u0105 przekazywane stronom trzecim, a je\u015bli tak, to na jakiej podstawie prawnej (patrz A.4.)?<\/h4>\n\nNast\u0119puj\u0105ce kategorie odbiorc\u00f3w, kt\u00f3rzy zazwyczaj s\u0105 podmiotami przetwarzaj\u0105cymi (patrz A.7.), mog\u0105 mie\u0107 dost\u0119p do danych osobowych u\u017cytkownika:\n<ul>\n \t<li>Dostawcy us\u0142ug w zakresie obs\u0142ugi naszych system\u00f3w i przetwarzania danych przechowywanych lub przesy\u0142anych przez systemy, np. w zakresie us\u0142ug centrum danych, przetwarzania p\u0142atno\u015bci, bezpiecze\u0144stwa IT (podstaw\u0105 prawn\u0105 przekazania jest umowa o realizacj\u0119 zam\u00f3wienia lub art. 6 ust. 1 lit. b lub lit. f RODO);<\/li>\n \t<li>Organy lub w\u0142adze pa\u0144stwowe, o ile jest to konieczne do wype\u0142nienia obowi\u0105zku prawnego (podstaw\u0105 prawn\u0105 przekazania jest umowa o realizacj\u0119 zam\u00f3wienia lub art. 6 ust. 1 lit. c RODO);<\/li>\n \t<li>Osoby zatrudnione w celu prowadzenia naszej dzia\u0142alno\u015bci gospodarczej, np. audytorzy, banki, firmy ubezpieczeniowe, doradcy prawni, dostawcy us\u0142ug mailingowych lub podobni (podstaw\u0105 prawn\u0105 przekazania jest umowa o realizacj\u0119 zam\u00f3wienia lub art. 6 ust. 1 lit. b lub lit. f RODO).<\/li>\n<\/ul>\nPonadto b\u0119dziemy przekazywa\u0107 dane osobowe u\u017cytkownika stronom trzecim wy\u0142\u0105cznie za jego zgod\u0105 wyra\u017con\u0105 zgodnie z art. 6 ust. 1 lit. a) RODO. 1 litr. a RODO wyrazili na to wyra\u017an\u0105 zgod\u0119.\n\nAby uzyska\u0107 gwarancje odpowiedniego poziomu ochrony danych podczas przekazywania danych do kraj\u00f3w trzecich, patrz punkt A.8. Je\u015bli nie istnieje decyzja stwierdzaj\u0105ca odpowiedni stopie\u0144 ochrony zgodnie z art. 45 ust. 3 ani odpowiednie gwarancje zgodnie z art. 46, w tym wi\u0105\u017c\u0105ce wewn\u0119trzne przepisy o ochronie danych, dane osobowe u\u017cytkownika zostan\u0105 przekazane do pa\u0144stwa trzeciego tylko wtedy, gdy przekazanie jest niezb\u0119dne do wykonania umowy lub do wdro\u017cenia \u015brodk\u00f3w przedumownych na \u017c\u0105danie u\u017cytkownika (art. 49 ust. 1 zdanie 1 lit. b) RODO) lub do dochodzenia, wykonywania lub obrony roszcze\u0144 prawnych. (Art. 49 ust. 1 zdanie 1 lit. e) RODO.\t\t\t\t\t\t\t\t<\/div>\n\t\t\t\t<\/div>\n\t\t\t\t<div class=\"elementor-element elementor-element-09c8eaf elementor-widget elementor-widget-spacer\" data-id=\"09c8eaf\" data-element_type=\"widget\" data-e-type=\"widget\" data-widget_type=\"spacer.default\">\n\t\t\t\t<div class=\"elementor-widget-container\">\n\t\t\t\t\t\t\t<div class=\"elementor-spacer\">\n\t\t\t<div class=\"elementor-spacer-inner\"><\/div>\n\t\t<\/div>\n\t\t\t\t\t\t<\/div>\n\t\t\t\t<\/div>\n\t\t\t\t\t<\/div>\n\t\t\t\t<\/div>\n\t\t\t\t\t<\/details>\n\t\t\t\t\t\t<details id=\"e-n-accordion-item-8664\" class=\"e-n-accordion-item\" >\n\t\t\t\t<summary class=\"e-n-accordion-item-title\" data-accordion-index=\"5\" tabindex=\"-1\" aria-expanded=\"false\" aria-controls=\"e-n-accordion-item-8664\" >\n\t\t\t\t\t<span class='e-n-accordion-item-title-header'><div class=\"e-n-accordion-item-title-text\"> D - Wnioskodawca <\/div><\/span>\n\t\t\t\t\t\t\t<span class='e-n-accordion-item-title-icon'>\n\t\t\t<span class='e-opened' ><svg aria-hidden=\"true\" class=\"e-font-icon-svg e-fas-arrow-up\" viewBox=\"0 0 448 512\" xmlns=\"http:\/\/www.w3.org\/2000\/svg\"><path d=\"M34.9 289.5l-22.2-22.2c-9.4-9.4-9.4-24.6 0-33.9L207 39c9.4-9.4 24.6-9.4 33.9 0l194.3 194.3c9.4 9.4 9.4 24.6 0 33.9L413 289.4c-9.5 9.5-25 9.3-34.3-.4L264 168.6V456c0 13.3-10.7 24-24 24h-32c-13.3 0-24-10.7-24-24V168.6L69.2 289.1c-9.3 9.8-24.8 10-34.3.4z\"><\/path><\/svg><\/span>\n\t\t\t<span class='e-closed'><svg aria-hidden=\"true\" class=\"e-font-icon-svg e-fas-arrow-down\" viewBox=\"0 0 448 512\" xmlns=\"http:\/\/www.w3.org\/2000\/svg\"><path d=\"M413.1 222.5l22.2 22.2c9.4 9.4 9.4 24.6 0 33.9L241 473c-9.4 9.4-24.6 9.4-33.9 0L12.7 278.6c-9.4-9.4-9.4-24.6 0-33.9l22.2-22.2c9.5-9.5 25-9.3 34.3.4L184 343.4V56c0-13.3 10.7-24 24-24h32c13.3 0 24 10.7 24 24v287.4l114.8-120.5c9.3-9.8 24.8-10 34.3-.4z\"><\/path><\/svg><\/span>\n\t\t<\/span>\n\n\t\t\t\t\t\t<\/summary>\n\t\t\t\t<div data-particle_enable=\"false\" data-particle-mobile-disabled=\"false\" role=\"region\" aria-labelledby=\"e-n-accordion-item-8664\" class=\"elementor-element elementor-element-b23f1ec e-flex e-con-boxed e-con e-child\" data-id=\"b23f1ec\" data-element_type=\"container\" data-e-type=\"container\">\n\t\t\t\t\t<div class=\"e-con-inner\">\n\t\t\t\t<div class=\"elementor-element elementor-element-a595973 elementor-widget elementor-widget-spacer\" data-id=\"a595973\" data-element_type=\"widget\" data-e-type=\"widget\" data-widget_type=\"spacer.default\">\n\t\t\t\t<div class=\"elementor-widget-container\">\n\t\t\t\t\t\t\t<div class=\"elementor-spacer\">\n\t\t\t<div class=\"elementor-spacer-inner\"><\/div>\n\t\t<\/div>\n\t\t\t\t\t\t<\/div>\n\t\t\t\t<\/div>\n\t\t\t\t<div class=\"elementor-element elementor-element-1b90acd elementor-widget elementor-widget-text-editor\" data-id=\"1b90acd\" data-element_type=\"widget\" data-e-type=\"widget\" data-widget_type=\"text-editor.default\">\n\t\t\t\t<div class=\"elementor-widget-container\">\n\t\t\t\t\t\t\t\t\t<h4>D.1. Wyja\u015bnienie<\/h4>\n\nZawsze poszukujemy wykwalifikowanych pracownik\u00f3w. Je\u015bli jeste\u015b zainteresowany prac\u0105 w HGGS, mo\u017cesz aplikowa\u0107 na og\u0142oszone stanowisko lub przes\u0142a\u0107 nam szczeg\u00f3\u0142ow\u0105 aplikacj\u0119 na konkretne stanowisko. Podczas oceny i przetwarzania tych wniosk\u00f3w przetwarzamy r\u00f3wnie\u017c zawarte w nich dane osobowe.\n\n<h4>D.2. Jakie dane przetwarzamy?<\/h4>\n\nGromadzimy, przechowujemy i przetwarzamy nast\u0119puj\u0105ce kategorie danych osobowych w ramach zarz\u0105dzania kandydatami do cel\u00f3w rekrutacji:\n<ul>\n    <li><strong>&#8222;Dane kontaktowe&#8221;:<\/strong> Nazwisko i imi\u0119, adres, adres e-mail, numer telefonu i\/lub numer telefonu kom\u00f3rkowego<\/li>\n    <li><strong>&#8222;Dane kandydata&#8221;:<\/strong> CV, stan cywilny (je\u015bli dotyczy), wyznanie (je\u015bli dotyczy), zdj\u0119cie (je\u015bli dotyczy).<\/li>\n    <li><strong>&#8222;Dane dotycz\u0105ce kwalifikacji&#8221;:<\/strong> dane dotycz\u0105ce kwalifikacji, dzia\u0142a\u0144, ocen, niepe\u0142nosprawno\u015bci, je\u015bli dotyczy<\/li>\n<\/ul>\n<h4>D.3. W jakim celu i na jakiej podstawie prawnej (patrz A.4.) dane te s\u0105 przetwarzane?<\/h4>\n\nPrzetwarzamy dane osobowe okre\u015blone powy\u017cej zgodnie z postanowieniami RODO, innymi odpowiednimi przepisami o ochronie danych i tylko w niezb\u0119dnym zakresie. W zakresie, w jakim przetwarzanie danych osobowych odbywa si\u0119 na podstawie art. 6 ust. 1 litr. RODO, wy\u017cej wymienione cele stanowi\u0105 r\u00f3wnie\u017c nasze uzasadnione interesy.\n\nPrzetwarzanie danych kontaktowych umo\u017cliwia nam skontaktowanie si\u0119 z u\u017cytkownikiem po ocenie jego wniosku i poinformowanie go o naszej decyzji w sprawie wniosku. Przetwarzanie danych opiera si\u0119 na dobrowolnym przekazaniu danych przez u\u017cytkownika (podstawa prawna to \u00a7 26 ust. 2 zdanie 1 BDSG) i mo\u017ce r\u00f3wnie\u017c s\u0142u\u017cy\u0107 do przygotowania zawarcia umowy o prac\u0119 (podstawa prawna to \u00a7 26 ust. 1 zdanie 1 BDSG, art. 88 RODO).\n\nDane wnioskodawcy b\u0119d\u0105 przetwarzane, je\u015bli podasz je dobrowolnie (podstaw\u0105 prawn\u0105 jest w\u00f3wczas art. 26 ust. 1 zdanie 1 BDSG, art. 88 RODO lub art. 6 ust. 1 zdanie 1 lit. a RODO).\n\nCelem przetwarzania danych kwalifikacyjnych jest ocena przydatno\u015bci zawodowej i osobistej kandydata na dane stanowisko lub ewentualne alternatywne pole zastosowania oraz, w razie potrzeby, przygotowanie zawarcia umowy o prac\u0119 (podstawy prawne to \u00a7 26 ust. 1 zdanie 1 BDSG, art. 88 RODO).\n\n<h4>D.4. Jak d\u0142ugo s\u0105 przetwarzane?<\/h4>\n\nDane u\u017cytkownika b\u0119d\u0105 przetwarzane wy\u0142\u0105cznie przez okres niezb\u0119dny do realizacji wy\u017cej wymienionych cel\u00f3w przetwarzania. W przypadku kandydat\u00f3w, kt\u00f3rzy nie zostali wybrani, dane b\u0119d\u0105 przechowywane przez okres do sze\u015bciu miesi\u0119cy. Dokumenty zaakceptowanych kandydat\u00f3w s\u0105 przechowywane w aktach osobowych. Podstawy prawne okre\u015blone w kontek\u015bcie cel\u00f3w przetwarzania maj\u0105 r\u00f3wnie\u017c odpowiednie zastosowanie do przechowywania danych.\n\nWi\u0119cej informacji na temat okresu przechowywania mo\u017cna znale\u017a\u0107 w punkcie A.5.\n\n<h4>D.5. Czy dane te s\u0105 przekazywane stronom trzecim, a je\u015bli tak, to na jakiej podstawie prawnej (patrz A.4.)?<\/h4>\n\nW zwi\u0105zku z zarz\u0105dzaniem kandydatami na potrzeby rekrutacji mo\u017cemy przekazywa\u0107 dane osobowe us\u0142ugodawcom w celu obs\u0142ugi naszych system\u00f3w i przetwarzania danych przechowywanych lub przesy\u0142anych przez systemy, np. dostawcom us\u0142ug rekrutacyjnych lub us\u0142ug centrum danych. Podstaw\u0105 prawn\u0105 tego ujawnienia jest \u00a7 26 ust. 1 zdanie 1 BDSG, art. 88 RODO, chyba \u017ce s\u0105 podmiotami przetwarzaj\u0105cymi; w takim przypadku podstaw\u0119 prawn\u0105 stanowi umowa o przetwarzanie danych.\n\n<em>Przekazanie do jacando AG, producenta oprogramowania, kt\u00f3ry przetwarza wy\u017cej wymienione dane za po\u015brednictwem narz\u0119dzia dla wnioskodawc\u00f3w, odbywa si\u0119 na podstawie zgody u\u017cytkownika na przetwarzanie danych (art. 26 ust. 2 zdanie 1 BDSG, art. 88 RODO). Je\u015bli wyrazisz zgod\u0119 na przetwarzanie, Twoje dane zostan\u0105 zebrane w puli kandydat\u00f3w jacando AG, a nast\u0119pnie b\u0119dziesz brany pod uwag\u0119 w przypadku ofert pracy, kt\u00f3re otworz\u0105 si\u0119 po z\u0142o\u017ceniu przez Ciebie aplikacji. Przekazywanie danych do Szwajcarii jako tak zwanego pa\u0144stwa trzeciego opiera si\u0119 na decyzji Komisji UE stwierdzaj\u0105cej odpowiedni stopie\u0144 ochrony (art. 45 RODO), dost\u0119pnej pod adresem http:\/\/www.europarl.europa.eu\/factsheets\/de\/sheet\/169\/der-europaische-wirtschaftsraum-ewr-die-schweiz-und-der-norden. Wi\u0119cej informacji na temat przetwarzania zam\u00f3wie\u0144 mo\u017cna znale\u017a\u0107 w punkcie A.7; na temat przekazywania danych do kraj\u00f3w trzecich w punkcie A.8.<\/em>\n\nPonadto organy rz\u0105dowe lub w\u0142adze mog\u0105 uzyska\u0107 dost\u0119p do danych u\u017cytkownika, je\u015bli i w zakresie, w jakim jest to konieczne do wype\u0142nienia obowi\u0105zku prawnego (podstaw\u0105 prawn\u0105 jest w\u00f3wczas art. 26 ust. 1 zdanie 1 BDSG, art. 88 RODO).\n\nW przeciwnym razie przeka\u017cemy Twoje dane stronom trzecim tylko wtedy, gdy wyra\u017anie tego za\u017c\u0105dasz (podstaw\u0105 prawn\u0105 jest w\u00f3wczas \u00a7 26 ust. 2 zdanie 1 BDSG, art. 88 RODO).\t\t\t\t\t\t\t\t<\/div>\n\t\t\t\t<\/div>\n\t\t\t\t\t<\/div>\n\t\t\t\t<\/div>\n\t\t\t\t\t<\/details>\n\t\t\t\t\t\t<details id=\"e-n-accordion-item-8665\" class=\"e-n-accordion-item\" >\n\t\t\t\t<summary class=\"e-n-accordion-item-title\" data-accordion-index=\"6\" tabindex=\"-1\" aria-expanded=\"false\" aria-controls=\"e-n-accordion-item-8665\" >\n\t\t\t\t\t<span class='e-n-accordion-item-title-header'><div class=\"e-n-accordion-item-title-text\"> E - Biuro Rzecznika Praw Obywatelskich dla sygnalist\u00f3w <\/div><\/span>\n\t\t\t\t\t\t\t<span class='e-n-accordion-item-title-icon'>\n\t\t\t<span class='e-opened' ><svg aria-hidden=\"true\" class=\"e-font-icon-svg e-fas-arrow-up\" viewBox=\"0 0 448 512\" xmlns=\"http:\/\/www.w3.org\/2000\/svg\"><path d=\"M34.9 289.5l-22.2-22.2c-9.4-9.4-9.4-24.6 0-33.9L207 39c9.4-9.4 24.6-9.4 33.9 0l194.3 194.3c9.4 9.4 9.4 24.6 0 33.9L413 289.4c-9.5 9.5-25 9.3-34.3-.4L264 168.6V456c0 13.3-10.7 24-24 24h-32c-13.3 0-24-10.7-24-24V168.6L69.2 289.1c-9.3 9.8-24.8 10-34.3.4z\"><\/path><\/svg><\/span>\n\t\t\t<span class='e-closed'><svg aria-hidden=\"true\" class=\"e-font-icon-svg e-fas-arrow-down\" viewBox=\"0 0 448 512\" xmlns=\"http:\/\/www.w3.org\/2000\/svg\"><path d=\"M413.1 222.5l22.2 22.2c9.4 9.4 9.4 24.6 0 33.9L241 473c-9.4 9.4-24.6 9.4-33.9 0L12.7 278.6c-9.4-9.4-9.4-24.6 0-33.9l22.2-22.2c9.5-9.5 25-9.3 34.3.4L184 343.4V56c0-13.3 10.7-24 24-24h32c13.3 0 24 10.7 24 24v287.4l114.8-120.5c9.3-9.8 24.8-10 34.3-.4z\"><\/path><\/svg><\/span>\n\t\t<\/span>\n\n\t\t\t\t\t\t<\/summary>\n\t\t\t\t<div data-particle_enable=\"false\" data-particle-mobile-disabled=\"false\" role=\"region\" aria-labelledby=\"e-n-accordion-item-8665\" class=\"elementor-element elementor-element-bbe5aff e-flex e-con-boxed e-con e-child\" data-id=\"bbe5aff\" data-element_type=\"container\" data-e-type=\"container\">\n\t\t\t\t\t<div class=\"e-con-inner\">\n\t\t\t\t<div class=\"elementor-element elementor-element-cfb2583 elementor-widget elementor-widget-text-editor\" data-id=\"cfb2583\" data-element_type=\"widget\" data-e-type=\"widget\" data-widget_type=\"text-editor.default\">\n\t\t\t\t<div class=\"elementor-widget-container\">\n\t\t\t\t\t\t\t\t\t<h4>E.1. Wyja\u015bnienie<\/h4>\n\nSystem whistleblower s\u0142u\u017cy do zg\u0142aszania informacji o naruszeniach prawa. Je\u015bli jako sygnalista zg\u0142osisz SZA Schilling, Zutt &amp; Ansch\u00fctz naruszenie prawa w ramach pe\u0142nienia funkcji biura rzecznika praw sygnalist\u00f3w, Twoje dane osobowe mog\u0105 by\u0107 przetwarzane.\n\n<h4>E.2. Jakie dane przetwarzamy?<\/h4>\n\nPrzekazane informacje wykorzystujemy w kontek\u015bcie systemu zg\u0142aszania nieprawid\u0142owo\u015bci. W przypadku przes\u0142ania zg\u0142oszenia za po\u015brednictwem systemu zg\u0142aszania nieprawid\u0142owo\u015bci gromadzimy nast\u0119puj\u0105ce dane osobowe:\n<ul>\n \t<li>Twoje imi\u0119 i nazwisko, je\u015bli ujawnisz swoj\u0105 to\u017csamo\u015b\u0107,<\/li>\n \t<li>czy u\u017cytkownik jest zatrudniony przez firm\u0119, kt\u00f3rej dotyczy zg\u0142oszenie, oraz<\/li>\n \t<li>w stosownych przypadkach, imiona i nazwiska os\u00f3b oraz inne dane osobowe os\u00f3b wymienionych w powiadomieniu.<\/li>\n<\/ul>\n<h4>E.3. W jakim celu i na jakiej podstawie prawnej (patrz A.4.) dane te s\u0105 przetwarzane?<\/h4>\n\nPrzetwarzamy dane osobowe okre\u015blone powy\u017cej zgodnie z postanowieniami RODO, innymi odpowiednimi przepisami o ochronie danych i tylko w niezb\u0119dnym zakresie. Wykorzystujemy informacje przekazane przez u\u017cytkownika w ramach systemu zg\u0142aszania nieprawid\u0142owo\u015bci, w tym wszelkie dane osobowe, mi\u0119dzy innymi w celu sprawdzania i dokumentowania zg\u0142osze\u0144. Uzasadnieniem przetwarzania danych osobowych w ramach systemu zg\u0142aszania nieprawid\u0142owo\u015bci jest uzasadniony interes danej sp\u00f3\u0142ki w wykrywaniu i zapobieganiu niew\u0142a\u015bciwym praktykom oraz zwi\u0105zanym z tym unikaniem szk\u00f3d i ryzyka odpowiedzialno\u015bci (art. 6 ust. 1 zdanie 1 lit. f RODO w zwi\u0105zku z \u00a7\u00a7 30, 130 OWiG). Je\u015bli otrzymane informacje dotycz\u0105 pracownika firmy, przetwarzanie s\u0142u\u017cy r\u00f3wnie\u017c zapobieganiu przest\u0119pstwom lub innym naruszeniom prawa w zwi\u0105zku ze stosunkiem pracy (art. 26 ust. 1 BDSG).\n\n<h4>E.4. Jak d\u0142ugo dane osobowe b\u0119d\u0105 przetwarzane?<\/h4>\n\nDane osobowe s\u0105 przetwarzane tak d\u0142ugo, jak jest to wymagane do wyja\u015bnienia i ostatecznej oceny lub tak d\u0142ugo, jak firma ma uzasadniony interes lub jest to wymagane przez prawo. Dane osobowe zostan\u0105 nast\u0119pnie usuni\u0119te zgodnie z wymogami prawnymi. Okres przechowywania zale\u017cy w szczeg\u00f3lno\u015bci od powagi podejrzenia i zg\u0142oszonego potencjalnego naruszenia obowi\u0105zk\u00f3w.\n\n<h4>E.5. Czy dane te s\u0105 przekazywane stronom trzecim, a je\u015bli tak, to na jakiej podstawie prawnej (patrz A.4.)?<\/h4>\n\nWewn\u0119trzne dochodzenia prowadzone w celu weryfikacji podejrze\u0144 mog\u0105 obejmowa\u0107 ujawnienie informacji zewn\u0119trznym prawnikom, audytorom lub innym specjalistom zobowi\u0105zanym do zachowania tajemnicy zawodowej, a tak\u017ce sp\u00f3\u0142kom Grupy, kt\u00f3rych to dotyczy. Mo\u017ce on r\u00f3wnie\u017c zosta\u0107 przekazany organom pa\u0144stwowym (takim jak policja, prokuratura lub s\u0105dy). Zapewniamy wszystkim sygnalistom poufne traktowanie. Podstaw\u0105 prawn\u0105 jest art. 6 ust. 1 str. 1 lit. f RODO lub art. 6 ust. 1 str. 1 lit. c RODO.\t\t\t\t\t\t\t\t<\/div>\n\t\t\t\t<\/div>\n\t\t\t\t<div class=\"elementor-element elementor-element-850d2a2 elementor-widget elementor-widget-spacer\" data-id=\"850d2a2\" data-element_type=\"widget\" data-e-type=\"widget\" data-widget_type=\"spacer.default\">\n\t\t\t\t<div class=\"elementor-widget-container\">\n\t\t\t\t\t\t\t<div class=\"elementor-spacer\">\n\t\t\t<div class=\"elementor-spacer-inner\"><\/div>\n\t\t<\/div>\n\t\t\t\t\t\t<\/div>\n\t\t\t\t<\/div>\n\t\t\t\t\t<\/div>\n\t\t\t\t<\/div>\n\t\t\t\t\t<\/details>\n\t\t\t\t\t<\/div>\n\t\t\t\t\t\t<\/div>\n\t\t\t\t<\/div>\n\t\t\t\t\t<\/div>\n\t\t\t\t<\/div>\n\t\t\t\t<\/div>\n\t\t","protected":false},"excerpt":{"rendered":"<p>Polityka prywatno\u015bci Przedmowa Drodzy u\u017cytkownicy [1], My, HGGS LaserCut GmbH &amp; Co. KG (HGGS), informujemy poni\u017cej o ochronie danych, w szczeg\u00f3lno\u015bci o obowi\u0105zkach w zakresie ochrony danych na\u0142o\u017conych na nas w ramach naszej odpowiedzialno\u015bci wynikaj\u0105cej z przepis\u00f3w o ochronie danych w zwi\u0105zku z wej\u015bciem w \u017cycie og\u00f3lnego rozporz\u0105dzenia UE o ochronie danych (rozporz\u0105dzenie (UE) 2016\/679; [&hellip;]<\/p>\n","protected":false},"author":1,"featured_media":0,"parent":0,"menu_order":0,"comment_status":"closed","ping_status":"closed","template":"","meta":{"footnotes":""},"class_list":["post-7665","page","type-page","status-publish","hentry"],"yoast_head":"<!-- This site is optimized with the Yoast SEO plugin v27.3 - https:\/\/yoast.com\/product\/yoast-seo-wordpress\/ -->\n<title>Ochrona danych HGGS<\/title>\n<meta name=\"description\" content=\"Dowiedz si\u0119 wszystkiego o ochronie danych w HGGS. Przywi\u0105zujemy du\u017c\u0105 wag\u0119 do ochrony danych osobowych u\u017cytkownik\u00f3w.\" \/>\n<meta name=\"robots\" content=\"index, follow, max-snippet:-1, max-image-preview:large, max-video-preview:-1\" \/>\n<link rel=\"canonical\" href=\"https:\/\/hggs.de\/pl\/ochrona-danych\/\" \/>\n<meta property=\"og:locale\" content=\"pl_PL\" \/>\n<meta property=\"og:type\" content=\"article\" \/>\n<meta property=\"og:title\" content=\"Ochrona danych HGGS\" \/>\n<meta property=\"og:description\" content=\"Dowiedz si\u0119 wszystkiego o ochronie danych w HGGS. Przywi\u0105zujemy du\u017c\u0105 wag\u0119 do ochrony danych osobowych u\u017cytkownik\u00f3w.\" \/>\n<meta property=\"og:url\" content=\"https:\/\/hggs.de\/pl\/ochrona-danych\/\" \/>\n<meta property=\"og:site_name\" content=\"HGGS\" \/>\n<meta property=\"article:modified_time\" content=\"2025-03-18T12:19:33+00:00\" \/>\n<meta name=\"twitter:card\" content=\"summary_large_image\" \/>\n<meta name=\"twitter:label1\" content=\"Szacowany czas czytania\" \/>\n\t<meta name=\"twitter:data1\" content=\"97 minut\" \/>\n<script type=\"application\/ld+json\" class=\"yoast-schema-graph\">{\"@context\":\"https:\\\/\\\/schema.org\",\"@graph\":[{\"@type\":\"WebPage\",\"@id\":\"https:\\\/\\\/hggs.de\\\/pl\\\/ochrona-danych\\\/\",\"url\":\"https:\\\/\\\/hggs.de\\\/pl\\\/ochrona-danych\\\/\",\"name\":\"Ochrona danych HGGS\",\"isPartOf\":{\"@id\":\"https:\\\/\\\/hggs.de\\\/pl\\\/#website\"},\"datePublished\":\"2024-04-05T10:39:59+00:00\",\"dateModified\":\"2025-03-18T12:19:33+00:00\",\"description\":\"Dowiedz si\u0119 wszystkiego o ochronie danych w HGGS. Przywi\u0105zujemy du\u017c\u0105 wag\u0119 do ochrony danych osobowych u\u017cytkownik\u00f3w.\",\"breadcrumb\":{\"@id\":\"https:\\\/\\\/hggs.de\\\/pl\\\/ochrona-danych\\\/#breadcrumb\"},\"inLanguage\":\"pl-PL\",\"potentialAction\":[{\"@type\":\"ReadAction\",\"target\":[\"https:\\\/\\\/hggs.de\\\/pl\\\/ochrona-danych\\\/\"]}]},{\"@type\":\"BreadcrumbList\",\"@id\":\"https:\\\/\\\/hggs.de\\\/pl\\\/ochrona-danych\\\/#breadcrumb\",\"itemListElement\":[{\"@type\":\"ListItem\",\"position\":1,\"name\":\"Startseite\",\"item\":\"https:\\\/\\\/hggs.de\\\/pl\\\/\"},{\"@type\":\"ListItem\",\"position\":2,\"name\":\"Ochrona danych\"}]},{\"@type\":\"WebSite\",\"@id\":\"https:\\\/\\\/hggs.de\\\/pl\\\/#website\",\"url\":\"https:\\\/\\\/hggs.de\\\/pl\\\/\",\"name\":\"HGGS\",\"description\":\"\",\"publisher\":{\"@id\":\"https:\\\/\\\/hggs.de\\\/pl\\\/#organization\"},\"potentialAction\":[{\"@type\":\"SearchAction\",\"target\":{\"@type\":\"EntryPoint\",\"urlTemplate\":\"https:\\\/\\\/hggs.de\\\/pl\\\/?s={search_term_string}\"},\"query-input\":{\"@type\":\"PropertyValueSpecification\",\"valueRequired\":true,\"valueName\":\"search_term_string\"}}],\"inLanguage\":\"pl-PL\"},{\"@type\":\"Organization\",\"@id\":\"https:\\\/\\\/hggs.de\\\/pl\\\/#organization\",\"name\":\"HGGS\",\"url\":\"https:\\\/\\\/hggs.de\\\/pl\\\/\",\"logo\":{\"@type\":\"ImageObject\",\"inLanguage\":\"pl-PL\",\"@id\":\"https:\\\/\\\/hggs.de\\\/pl\\\/#\\\/schema\\\/logo\\\/image\\\/\",\"url\":\"https:\\\/\\\/hggs.de\\\/wp-content\\\/uploads\\\/neues-Logo_400px.png\",\"contentUrl\":\"https:\\\/\\\/hggs.de\\\/wp-content\\\/uploads\\\/neues-Logo_400px.png\",\"width\":400,\"height\":223,\"caption\":\"HGGS\"},\"image\":{\"@id\":\"https:\\\/\\\/hggs.de\\\/pl\\\/#\\\/schema\\\/logo\\\/image\\\/\"}}]}<\/script>\n<!-- \/ Yoast SEO plugin. -->","yoast_head_json":{"title":"Ochrona danych HGGS","description":"Dowiedz si\u0119 wszystkiego o ochronie danych w HGGS. Przywi\u0105zujemy du\u017c\u0105 wag\u0119 do ochrony danych osobowych u\u017cytkownik\u00f3w.","robots":{"index":"index","follow":"follow","max-snippet":"max-snippet:-1","max-image-preview":"max-image-preview:large","max-video-preview":"max-video-preview:-1"},"canonical":"https:\/\/hggs.de\/pl\/ochrona-danych\/","og_locale":"pl_PL","og_type":"article","og_title":"Ochrona danych HGGS","og_description":"Dowiedz si\u0119 wszystkiego o ochronie danych w HGGS. Przywi\u0105zujemy du\u017c\u0105 wag\u0119 do ochrony danych osobowych u\u017cytkownik\u00f3w.","og_url":"https:\/\/hggs.de\/pl\/ochrona-danych\/","og_site_name":"HGGS","article_modified_time":"2025-03-18T12:19:33+00:00","twitter_card":"summary_large_image","twitter_misc":{"Szacowany czas czytania":"97 minut"},"schema":{"@context":"https:\/\/schema.org","@graph":[{"@type":"WebPage","@id":"https:\/\/hggs.de\/pl\/ochrona-danych\/","url":"https:\/\/hggs.de\/pl\/ochrona-danych\/","name":"Ochrona danych HGGS","isPartOf":{"@id":"https:\/\/hggs.de\/pl\/#website"},"datePublished":"2024-04-05T10:39:59+00:00","dateModified":"2025-03-18T12:19:33+00:00","description":"Dowiedz si\u0119 wszystkiego o ochronie danych w HGGS. Przywi\u0105zujemy du\u017c\u0105 wag\u0119 do ochrony danych osobowych u\u017cytkownik\u00f3w.","breadcrumb":{"@id":"https:\/\/hggs.de\/pl\/ochrona-danych\/#breadcrumb"},"inLanguage":"pl-PL","potentialAction":[{"@type":"ReadAction","target":["https:\/\/hggs.de\/pl\/ochrona-danych\/"]}]},{"@type":"BreadcrumbList","@id":"https:\/\/hggs.de\/pl\/ochrona-danych\/#breadcrumb","itemListElement":[{"@type":"ListItem","position":1,"name":"Startseite","item":"https:\/\/hggs.de\/pl\/"},{"@type":"ListItem","position":2,"name":"Ochrona danych"}]},{"@type":"WebSite","@id":"https:\/\/hggs.de\/pl\/#website","url":"https:\/\/hggs.de\/pl\/","name":"HGGS","description":"","publisher":{"@id":"https:\/\/hggs.de\/pl\/#organization"},"potentialAction":[{"@type":"SearchAction","target":{"@type":"EntryPoint","urlTemplate":"https:\/\/hggs.de\/pl\/?s={search_term_string}"},"query-input":{"@type":"PropertyValueSpecification","valueRequired":true,"valueName":"search_term_string"}}],"inLanguage":"pl-PL"},{"@type":"Organization","@id":"https:\/\/hggs.de\/pl\/#organization","name":"HGGS","url":"https:\/\/hggs.de\/pl\/","logo":{"@type":"ImageObject","inLanguage":"pl-PL","@id":"https:\/\/hggs.de\/pl\/#\/schema\/logo\/image\/","url":"https:\/\/hggs.de\/wp-content\/uploads\/neues-Logo_400px.png","contentUrl":"https:\/\/hggs.de\/wp-content\/uploads\/neues-Logo_400px.png","width":400,"height":223,"caption":"HGGS"},"image":{"@id":"https:\/\/hggs.de\/pl\/#\/schema\/logo\/image\/"}}]}},"_links":{"self":[{"href":"https:\/\/hggs.de\/pl\/wp-json\/wp\/v2\/pages\/7665","targetHints":{"allow":["GET"]}}],"collection":[{"href":"https:\/\/hggs.de\/pl\/wp-json\/wp\/v2\/pages"}],"about":[{"href":"https:\/\/hggs.de\/pl\/wp-json\/wp\/v2\/types\/page"}],"author":[{"embeddable":true,"href":"https:\/\/hggs.de\/pl\/wp-json\/wp\/v2\/users\/1"}],"replies":[{"embeddable":true,"href":"https:\/\/hggs.de\/pl\/wp-json\/wp\/v2\/comments?post=7665"}],"version-history":[{"count":8,"href":"https:\/\/hggs.de\/pl\/wp-json\/wp\/v2\/pages\/7665\/revisions"}],"predecessor-version":[{"id":10079,"href":"https:\/\/hggs.de\/pl\/wp-json\/wp\/v2\/pages\/7665\/revisions\/10079"}],"wp:attachment":[{"href":"https:\/\/hggs.de\/pl\/wp-json\/wp\/v2\/media?parent=7665"}],"curies":[{"name":"wp","href":"https:\/\/api.w.org\/{rel}","templated":true}]}}